{"id":57,"date":"2022-04-09T19:37:00","date_gmt":"2022-04-10T00:37:00","guid":{"rendered":"https:\/\/www.ces.gob.ec\/?page_id=57"},"modified":"2023-06-07T16:15:51","modified_gmt":"2023-06-07T21:15:51","slug":"estructura-del-ces","status":"publish","type":"page","link":"https:\/\/www.ces.gob.ec\/?page_id=57","title":{"rendered":"Estructura del CES"},"content":{"rendered":"\n<h3 class=\"wp-block-heading\">Presidencia del CES <\/h3>\n\n\n<div class=\"rtbs  rtbs_presidencia-del-ces\"><div class=\"rtbs_slug\" style=\"display:none\">presidencia-del-ces<\/div><div class=\"rtbs_inactive_tab_background\" style=\"display:none\">transparent<\/div><div class=\"rtbs_breakpoint\" style=\"display:none\">600<\/div><div class=\"rtbs_color\" style=\"display:none\">#1e73be<\/div>\r\n        <div class=\"rtbs_menu\">\r\n            <ul>\r\n                <li class=\"mobile_toggle\">&zwnj;<\/li><li class=\"current\"><a style=\"background:#1e73be\" class=\"active presidencia-del-ces-tab-link-0\" href=\"#\" data-tab=\"#presidencia-del-ces-tab-0\">Presidencia del CES<\/a><\/li><li><a href=\"#\" data-tab=\"#presidencia-del-ces-tab-1\" class=\"presidencia-del-ces-tab-link-1\">Integraci\u00f3n<\/a><\/li><li><a href=\"#\" data-tab=\"#presidencia-del-ces-tab-2\" class=\"presidencia-del-ces-tab-link-2\">Atribuciones y deberes<\/a><\/li>\r\n            <\/ul>\r\n        <\/div><div style=\"border-top:7px solid #1e73be;\" id=\"presidencia-del-ces-tab-0\" class=\"rtbs_content active\"><p><img loading=\"lazy\" decoding=\"async\" class=\"wp-image-6242 size-medium alignleft\" style=\"font-family: inherit;font-style: inherit;font-weight: inherit\" src=\"https:\/\/www.ces.gob.ec\/wp-content\/uploads\/2025\/01\/FM-300x200.jpg\" alt=\"\" width=\"300\" height=\"200\" srcset=\"https:\/\/www.ces.gob.ec\/wp-content\/uploads\/2025\/01\/FM-300x200.jpg 300w, https:\/\/www.ces.gob.ec\/wp-content\/uploads\/2025\/01\/FM-768x512.jpg 768w, https:\/\/www.ces.gob.ec\/wp-content\/uploads\/2025\/01\/FM.jpg 900w\" sizes=\"auto, (max-width: 300px) 100vw, 300px\" \/><\/p>\n<div class=\"description\"><strong><span class=\"titulo t1\">Dr. Fidel M\u00e1rquez S\u00e1nchez Ph.D.<\/span><\/strong><\/div>\n<div>\u00a0<\/div>\n<div class=\"description\"><span class=\"titulo t1\">Presidente del Consejo de Educaci\u00f3n Superior<\/span><\/div>\n<div>\u00a0<\/div>\n<div class=\"description\"><a class=\"line-inferior titulo\" href=\"?page_id=2117\">Leer m\u00e1s <\/a><\/div>\n<div>\u00a0<\/div>\n<div class=\"description\"><span class=\"line-inferior\">Tel:(02) 3947 820<\/span><\/div>\n<div class=\"description\"><span class=\"line-inferior email\">fidel.marquez@ces.gob.ec<\/span><\/div>\n<div style=\"margin-top:30px; clear:both;\"><\/div><\/div><div style=\"border-top:7px solid #1e73be;\" id=\"presidencia-del-ces-tab-1\" class=\"rtbs_content\"><p>Ley Org\u00e1nica de Educaci\u00f3n Superior, publicada en el Registro Oficial No. 298, el 12 de octubre de 2010 y reformada el 12 de julio de 2018.<\/p>\n<p>Art. 167.- Integraci\u00f3n del Consejo de Educaci\u00f3n Superior: El Presidente del Consejo ser\u00e1 elegido entre sus miembros por la mayor\u00eda de sus integrantes con derecho a voto, tendr\u00e1 grado acad\u00e9mico de doctor equivalente a Ph.D., y una vez elegido su voto ser\u00e1 dirimente.<\/p>\n<div style=\"margin-top:30px; clear:both;\"><\/div><\/div><div style=\"border-top:7px solid #1e73be;\" id=\"presidencia-del-ces-tab-2\" class=\"rtbs_content\"><p>Ley Org\u00e1nica de Educaci\u00f3n Superior, publicada en el Registro Oficial No. 298, el 12 de octubre de 2010 y reformada el 12 de julio de 2018.<\/p>\n<p>Art. 170.- Deberes y atribuciones del Presidente del Consejo de Educaci\u00f3n Superior.- El Presidente del Consejo de Educaci\u00f3n Superior tendr\u00e1 los siguientes deberes y atribuciones:<\/p>\n<ol>\n<li>Representaci\u00f3n legal, judicial y extrajudicial del Consejo;<\/li>\n<li>Presidir las sesiones del Consejo;<\/li>\n<li>Convocar a sesiones ordinarias y extraordinarias del Consejo;<\/li>\n<li>Ejercer el voto de calidad en caso de empate en la votaci\u00f3n de resoluciones del Pleno;<\/li>\n<li>Cumplir y hacer cumplir las resoluciones del Consejo para la planificaci\u00f3n, regulaci\u00f3n y coordinaci\u00f3n interna del Sistema de Educaci\u00f3n Superior y de la relaci\u00f3n entre sus distintos actores con la Funci\u00f3n Ejecutiva;<\/li>\n<li>Dirigir el trabajo del Consejo para el cumplimiento de sus fines y objetivos;<\/li>\n<li>Participar con voz y voto en el Consejo Nacional de Planificaci\u00f3n; y,<\/li>\n<li>Las dem\u00e1s que le sean asignadas por la presente Ley, sus reglamentos y resoluciones del Consejo.<\/li>\n<\/ol>\n<div style=\"margin-top:30px; clear:both;\"><\/div><\/div>\r\n    <\/div>\r\n    \n\n\n\n<h3 class=\"wp-block-heading\">Miembros Acad\u00e9micos <\/h3>\n\n\n<div class=\"rtbs  rtbs_miembros-academicos\"><div class=\"rtbs_slug\" style=\"display:none\">miembros-academicos<\/div><div class=\"rtbs_inactive_tab_background\" style=\"display:none\">transparent<\/div><div class=\"rtbs_breakpoint\" style=\"display:none\">600<\/div><div class=\"rtbs_color\" style=\"display:none\">#1e73be<\/div>\r\n        <div class=\"rtbs_menu\">\r\n            <ul>\r\n                <li class=\"mobile_toggle\">&zwnj;<\/li><li class=\"current\"><a style=\"background:#1e73be\" class=\"active miembros-academicos-tab-link-0\" href=\"#\" data-tab=\"#miembros-academicos-tab-0\">Miembros acad\u00e9micos<\/a><\/li><li><a href=\"#\" data-tab=\"#miembros-academicos-tab-1\" class=\"miembros-academicos-tab-link-1\">Integraci\u00f3n del CES<\/a><\/li><li><a href=\"#\" data-tab=\"#miembros-academicos-tab-2\" class=\"miembros-academicos-tab-link-2\">Atributos y deberes Pleno<\/a><\/li>\r\n            <\/ul>\r\n        <\/div><div style=\"border-top:7px solid #1e73be;\" id=\"miembros-academicos-tab-0\" class=\"rtbs_content active\"><div class=\"description\"><span class=\"titulo t1\"><img loading=\"lazy\" decoding=\"async\" class=\"wp-image-6894 size-medium alignleft\" src=\"https:\/\/www.ces.gob.ec\/wp-content\/uploads\/2026\/04\/R62_0212-300x200.jpg\" alt=\"\" width=\"300\" height=\"200\" srcset=\"https:\/\/www.ces.gob.ec\/wp-content\/uploads\/2026\/04\/R62_0212-300x200.jpg 300w, https:\/\/www.ces.gob.ec\/wp-content\/uploads\/2026\/04\/R62_0212-1024x683.jpg 1024w, https:\/\/www.ces.gob.ec\/wp-content\/uploads\/2026\/04\/R62_0212-768x512.jpg 768w, https:\/\/www.ces.gob.ec\/wp-content\/uploads\/2026\/04\/R62_0212-1536x1024.jpg 1536w, https:\/\/www.ces.gob.ec\/wp-content\/uploads\/2026\/04\/R62_0212.jpg 1620w\" sizes=\"auto, (max-width: 300px) 100vw, 300px\" \/><\/span><\/div>\n<div class=\"description\"><strong><span class=\"titulo t1\">Dra. Carmita \u00c1lvarez Santana, Ph.D.<\/span><\/strong><\/div>\n<div>\u00a0<\/div>\n<div class=\"description\"><span class=\"titulo t1\">Consejera Acad\u00e9mica del Consejo de Educaci\u00f3n Superior<\/span><\/div>\n<div>\u00a0<\/div>\n<div class=\"description\"><a class=\"line-inferior titulo\" href=\"?page_id=2106\">Leer m\u00e1s <\/a><\/div>\n<div>\u00a0<\/div>\n<div class=\"description\"><span class=\"line-inferior\">Tel:(02) 3947 820<\/span><\/div>\n<div>\u00a0<\/div>\n<div class=\"description\"><span class=\"line-inferior email\">carmita.alvarez@ces.gob.ec<\/span><\/div>\n<div>\u00a0<\/div>\n<div>\n<div class=\"image\">\n<div><img loading=\"lazy\" decoding=\"async\" class=\"wp-image-6895 size-medium alignleft\" src=\"https:\/\/www.ces.gob.ec\/wp-content\/uploads\/2026\/04\/R62_0283-300x200.jpg\" alt=\"\" width=\"300\" height=\"200\" srcset=\"https:\/\/www.ces.gob.ec\/wp-content\/uploads\/2026\/04\/R62_0283-300x200.jpg 300w, https:\/\/www.ces.gob.ec\/wp-content\/uploads\/2026\/04\/R62_0283-1024x683.jpg 1024w, https:\/\/www.ces.gob.ec\/wp-content\/uploads\/2026\/04\/R62_0283-768x512.jpg 768w, https:\/\/www.ces.gob.ec\/wp-content\/uploads\/2026\/04\/R62_0283-1536x1024.jpg 1536w, https:\/\/www.ces.gob.ec\/wp-content\/uploads\/2026\/04\/R62_0283.jpg 1620w\" sizes=\"auto, (max-width: 300px) 100vw, 300px\" \/><\/div>\n<\/div>\n<div class=\"description\"><strong><span class=\"titulo t1\">Dra. \u00c1ngela del Roc\u00edo Calder\u00f3n Tobar Ph.D.<\/span><\/strong><\/div>\n<div>\u00a0<\/div>\n<div class=\"description\"><span class=\"titulo t1\">Consejera Acad\u00e9mica del Consejo de Educaci\u00f3n Superior<\/span><\/div>\n<div>\u00a0<\/div>\n<div class=\"description\"><a class=\"line-inferior titulo\" href=\"?page_id=2111\">Leer m\u00e1s <\/a><\/div>\n<div>\u00a0<\/div>\n<div class=\"description\"><span class=\"line-inferior\">Tel:(02) 3947 820<\/span><\/div>\n<div>\u00a0<\/div>\n<div class=\"description\"><span class=\"line-inferior email\">angela.calderon@ces.gob.ec<\/span><\/div>\n<div>\u00a0<\/div>\n<\/div>\n<div>\n<div class=\"image\">\n<div><img loading=\"lazy\" decoding=\"async\" class=\"wp-image-6890 size-medium alignleft\" src=\"https:\/\/www.ces.gob.ec\/wp-content\/uploads\/2026\/04\/IMG_1991-300x200.jpg\" alt=\"\" width=\"300\" height=\"200\" srcset=\"https:\/\/www.ces.gob.ec\/wp-content\/uploads\/2026\/04\/IMG_1991-300x200.jpg 300w, https:\/\/www.ces.gob.ec\/wp-content\/uploads\/2026\/04\/IMG_1991-1024x683.jpg 1024w, https:\/\/www.ces.gob.ec\/wp-content\/uploads\/2026\/04\/IMG_1991-768x512.jpg 768w, https:\/\/www.ces.gob.ec\/wp-content\/uploads\/2026\/04\/IMG_1991-1536x1024.jpg 1536w, https:\/\/www.ces.gob.ec\/wp-content\/uploads\/2026\/04\/IMG_1991.jpg 1620w\" sizes=\"auto, (max-width: 300px) 100vw, 300px\" \/><\/div>\n<\/div>\n<div class=\"description\"><strong><span class=\"titulo t1\">Dr. Pablo Beltr\u00e1n Ayala, Ph.D.<\/span><\/strong><\/div>\n<div>\u00a0<\/div>\n<div class=\"description\"><span class=\"titulo t1\">Consejero Acad\u00e9mico del Consejo de Educaci\u00f3n Superior<\/span><\/div>\n<div>\u00a0<\/div>\n<div class=\"description\"><a class=\"line-inferior titulo\" href=\"?page_id=2108\">Leer m\u00e1s <\/a><\/div>\n<div>\u00a0<\/div>\n<div class=\"description\"><span class=\"line-inferior\">Tel:(02) 3947 820<\/span><\/div>\n<div>\u00a0<\/div>\n<div class=\"description\"><span class=\"line-inferior email\">pablo.beltran@ces.gob.ec<\/span><\/div>\n<\/div>\n<div>\u00a0<\/div>\n<div>\n<div class=\"image\">\n<div><img loading=\"lazy\" decoding=\"async\" class=\"wp-image-6896 size-medium alignleft\" src=\"https:\/\/www.ces.gob.ec\/wp-content\/uploads\/2026\/04\/R62_0269-300x200.jpg\" alt=\"\" width=\"300\" height=\"200\" srcset=\"https:\/\/www.ces.gob.ec\/wp-content\/uploads\/2026\/04\/R62_0269-300x200.jpg 300w, https:\/\/www.ces.gob.ec\/wp-content\/uploads\/2026\/04\/R62_0269-1024x683.jpg 1024w, https:\/\/www.ces.gob.ec\/wp-content\/uploads\/2026\/04\/R62_0269-768x512.jpg 768w, https:\/\/www.ces.gob.ec\/wp-content\/uploads\/2026\/04\/R62_0269-1536x1024.jpg 1536w, https:\/\/www.ces.gob.ec\/wp-content\/uploads\/2026\/04\/R62_0269.jpg 1620w\" sizes=\"auto, (max-width: 300px) 100vw, 300px\" \/><\/div>\n<\/div>\n<div class=\"description\"><strong><span class=\"titulo t1\">Dr. Pa\u00fal Leonardo Medina V\u00e1squez, Ph.D.<\/span><\/strong><\/div>\n<div>\u00a0<\/div>\n<div class=\"description\"><span class=\"titulo t1\">Consejero Acad\u00e9mico del Consejo de Educaci\u00f3n Superior<\/span><\/div>\n<div>\u00a0<\/div>\n<div class=\"description\"><a class=\"line-inferior titulo\" href=\"?page_id=2113\">Leer m\u00e1s <\/a><\/div>\n<div>\u00a0<\/div>\n<div class=\"description\"><span class=\"line-inferior\">Tel:(02) 3947 820<\/span><\/div>\n<div>\u00a0<\/div>\n<div class=\"description\"><span class=\"line-inferior email\">paul.medina@ces.gob.ec<\/span><\/div>\n<div>\u00a0<\/div>\n<\/div>\n<div>\n<div><img loading=\"lazy\" decoding=\"async\" class=\"wp-image-6900 size-medium alignleft\" src=\"https:\/\/www.ces.gob.ec\/wp-content\/uploads\/2026\/04\/R62_0358-298x300.jpg\" alt=\"\" width=\"298\" height=\"300\" srcset=\"https:\/\/www.ces.gob.ec\/wp-content\/uploads\/2026\/04\/R62_0358-298x300.jpg 298w, https:\/\/www.ces.gob.ec\/wp-content\/uploads\/2026\/04\/R62_0358-1015x1024.jpg 1015w, https:\/\/www.ces.gob.ec\/wp-content\/uploads\/2026\/04\/R62_0358-150x150.jpg 150w, https:\/\/www.ces.gob.ec\/wp-content\/uploads\/2026\/04\/R62_0358-768x774.jpg 768w, https:\/\/www.ces.gob.ec\/wp-content\/uploads\/2026\/04\/R62_0358.jpg 1071w\" sizes=\"auto, (max-width: 298px) 100vw, 298px\" \/><\/div>\n<div>\n<div class=\"description\"><strong><span class=\"titulo t1\">Dra. Catalina V\u00e9lez Verdugo, Ph.D.<\/span> <\/strong><\/div>\n<div>\u00a0<\/div>\n<div class=\"description\"><span class=\"titulo t1\">Consejera Acad\u00e9mica del Consejo de Educaci\u00f3n Superior<\/span><\/div>\n<div>\u00a0<\/div>\n<div class=\"description\"><a class=\"line-inferior titulo\" href=\"?page_id=1596\">Leer m\u00e1s <\/a><\/div>\n<div>\u00a0<\/div>\n<div class=\"description\"><span class=\"line-inferior\">Tel:(02) 3947 820<\/span><\/div>\n<div>\u00a0<\/div>\n<div class=\"description\"><span class=\"line-inferior email\">catalina.velez@ces.gob.ec<\/span><\/div>\n<\/div>\n<\/div>\n<div>\n<div>\n<div class=\"description\">\u00a0<\/div>\n<\/div>\n<div>\u00a0<\/div>\n<\/div>\n<div style=\"margin-top:30px; clear:both;\"><\/div><\/div><div style=\"border-top:7px solid #1e73be;\" id=\"miembros-academicos-tab-1\" class=\"rtbs_content\"><p>La Ley Org\u00e1nica de Educaci\u00f3n Superior, publicada en el Registro Oficial No. 298, el 12 de octubre de 2010 y reformada el 12 de julio de 2018, establece, en su Art\u00edculo 167 que, el Consejo de Educaci\u00f3n Superior estar\u00e1 integrado por los siguientes miembros:<\/p>\n<ol>\n<li>Cuatro representantes del Ejecutivo que ser\u00e1n: el Secretario de Educaci\u00f3n Superior, Ciencia Tecnolog\u00eda e Innovaci\u00f3n o su delegado; el Secretario Nacional de Planificaci\u00f3n o su delegado; el Ministro de Educaci\u00f3n o su delegado; el Ministro de la Producci\u00f3n o su delegado. Los representantes del Ejecutivo deber\u00e1n tener al menos t\u00edtulo de cuarto nivel registrado por el ente rector de la pol\u00edtica p\u00fablica de educaci\u00f3n superior;<\/li>\n<li>Seis acad\u00e9micos elegidos por concurso p\u00fablico de merecimientos y oposici\u00f3n. Estos seis integrantes deber\u00e1n cumplir los mismos requisitos necesarios para ser Rector universitario o polit\u00e9cnico; y,<\/li>\n<li>Tres representantes de las y los estudiantes que participar\u00e1n en las sesiones con voz; que deber\u00e1n provenir de las universidades o escuelas polit\u00e9cnicas p\u00fablicas, de las universidades particulares y de los institutos o conservatorios superiores. Los representantes estudiantiles deber\u00e1n tener un promedio acad\u00e9mico general acad\u00e9mico equivalente a Muy Buena y haber aprobado al menos el 80% de la malla curricular correspondiente a su carrera. Los representantes estudiantiles ser\u00e1n elegidos por concurso de oposici\u00f3n y m\u00e9ritos.<\/li>\n<\/ol>\n<p>Los delegados permanentes, que tendr\u00e1n derecho a voz, sin voto, ser\u00e1n los siguientes:<\/p>\n<ol>\n<li>Tres representantes de la Asamblea del Sistema de Educaci\u00f3n Superior designados por su Directorio que ser\u00e1n: un rector representante de las universidades o escuelas polit\u00e9cnicas p\u00fablicas; un rector representante de las universidades o escuelas polit\u00e9cnicas particulares; y, un rector representante de los institutos t\u00e9cnicos, tecnol\u00f3gicos, pedag\u00f3gicos, de artes y conservatorios superiores; y,<\/li>\n<li>Un consejero del Consejo de Aseguramiento de la Calidad de la Educaci\u00f3n Superior, designado por el Pleno de este organismo.<\/li>\n<\/ol>\n<p>El Pleno del Consejo de Educaci\u00f3n Superior podr\u00e1 llamar a participar a todos quienes considere, en funci\u00f3n de los temas a ser tratados.<\/p>\n<div style=\"margin-top:30px; clear:both;\"><\/div><\/div><div style=\"border-top:7px solid #1e73be;\" id=\"miembros-academicos-tab-2\" class=\"rtbs_content\"><p><strong>Reglamento Interno del Consejo de Educaci\u00f3n Superior<\/strong><\/p>\n<p>Art. 4. Atribuciones y deberes.- El Pleno del Consejo de Educaci\u00f3n Superior, adicionalmente a las atribuciones y deberes contemplados en la Ley Org\u00e1nica de Educaci\u00f3n Superior y su Reglamento General deber\u00e1:<\/p>\n<ol>\n<li>Aprobar y modificar el Estatuto Org\u00e1nico Funcional del CES, sobre la base del proyecto presentado por la Presidenta o el Presidente del CES, de conformidad con la normativa aplicable;<\/li>\n<li>Aprobar el Plan Estrat\u00e9gico del CES, presentado por la Presidenta o el Presidente del CES, y evaluar su ejecuci\u00f3n;<\/li>\n<li>Aprobar los programas operativos anuales, plurianuales y de contrataciones del CES, de conformidad con el Plan Nacional de Desarrollo;<\/li>\n<li>Aprobar las pol\u00edticas aplicables a los planes estrat\u00e9gicos, objetivos de gesti\u00f3n, estructura organizacional y responsabilidad social;<\/li>\n<li>Autorizar la compra, venta, donaciones y comodatos de bienes inmuebles del CES, de conformidad con la normativa aplicable;<\/li>\n<li>Conocer y aprobar la proforma presupuestaria anual presentada por la Presidenta o el Presidente del CES;<\/li>\n<li>Conocer y evaluar los estados financieros del CES, cortados al 30 de junio y al 31 de diciembre de cada a\u00f1o o cuando el Pleno lo requiera;<\/li>\n<li>Elegir a la Presidenta o al Presidente, de acuerdo con el Art. 167 de la LOES y el presente Reglamento;<\/li>\n<li>Nombrar a la Secretaria o al Secretario General del CES de la terna presentada por la Presidenta o el Presidente del CES;<\/li>\n<li>Designar a los miembros del CES que formar\u00e1n parte de las comisiones permanentes y ocasionales;<\/li>\n<li>Designar a los presidentes de las comisiones permanentes y ocasionales, con base en la propuesta de la respectiva comisi\u00f3n;<\/li>\n<li>Aprobar y modificar, si fuere del caso, el orden del d\u00eda de las sesiones ordinarias, propuesto por la Presidenta o el Presidenta del CES;<\/li>\n<li>Otorgar licencia a los miembros acad\u00e9micos y estudiantil, cuando su ausencia fuere mayor a 10 d\u00edas laborables;<\/li>\n<li>Establecer mecanismos de coordinaci\u00f3n y comunicaci\u00f3n permanentes con el CEAACES, la Asamblea del Sistema de Educaci\u00f3n Superior y la SENESCYT, de acuerdo con la Ley; y,<\/li>\n<li>Las dem\u00e1s que le asignen la LOES, su Reglamento General y la reglamentaci\u00f3n interna del CES.<\/li>\n<\/ol>\n<div style=\"margin-top:30px; clear:both;\"><\/div><\/div>\r\n    <\/div>\r\n    \n\n\n\n<h3 class=\"wp-block-heading\">Representantes del Ejecutivo <\/h3>\n\n\n<div class=\"rtbs  rtbs_representantes-del-ejecutivo\"><div class=\"rtbs_slug\" style=\"display:none\">representantes-del-ejecutivo<\/div><div class=\"rtbs_inactive_tab_background\" style=\"display:none\">transparent<\/div><div class=\"rtbs_breakpoint\" style=\"display:none\">600<\/div><div class=\"rtbs_color\" style=\"display:none\">#1e73be<\/div>\r\n        <div class=\"rtbs_menu\">\r\n            <ul>\r\n                <li class=\"mobile_toggle\">&zwnj;<\/li><li class=\"current\"><a style=\"background:#1e73be\" class=\"active representantes-del-ejecutivo-tab-link-0\" href=\"#\" data-tab=\"#representantes-del-ejecutivo-tab-0\">Representantes del Ejecutivo<\/a><\/li><li><a href=\"#\" data-tab=\"#representantes-del-ejecutivo-tab-1\" class=\"representantes-del-ejecutivo-tab-link-1\">Integraci\u00f3n<\/a><\/li><li><a href=\"#\" data-tab=\"#representantes-del-ejecutivo-tab-2\" class=\"representantes-del-ejecutivo-tab-link-2\">Atribuciones y deberes<\/a><\/li>\r\n            <\/ul>\r\n        <\/div><div style=\"border-top:7px solid #1e73be;\" id=\"representantes-del-ejecutivo-tab-0\" class=\"rtbs_content active\"><div>\n<div class=\"description\">\n<div><img loading=\"lazy\" decoding=\"async\" class=\"alignnone wp-image-5965 \" style=\"font-family: inherit;font-style: inherit;font-weight: inherit\" src=\"https:\/\/www.ces.gob.ec\/wp-content\/uploads\/2026\/04\/logos-el-nuevo-ecuador-transparente-03.png\" alt=\"\" width=\"803\" height=\"121\" \/><\/div>\n<table>\n<tbody>\n<tr>\n<td>\n<div id=\"386\" class=\"m_pleno\">\n<div class=\"detalle\">\n<div class=\"description\">\n<div class=\"description\">\n<div class=\"description\"><strong><span class=\"titulo t1\">Ministerio de Educaci\u00f3n, Deporte y Cultura.<\/span><\/strong><\/div>\n<div>\u00a0<\/div>\n<div class=\"description\"><span class=\"titulo t1\">\u00a0Ministro\/a de Educaci\u00f3n, Deporte y Cultura o su delegado\/a<\/span><\/div>\n<div>\u00a0<\/div>\n<div class=\"description\"><span class=\"line-inferior\">Tel:(02) 396 1300<\/span><\/div>\n<div>\u00a0<\/div>\n<div class=\"description\"><a href=\"http:\/\/www.educacion.gob.ec\" target=\"_blank\" rel=\"noopener\"><span class=\"line-inferior email\">www.educacion.gob.ec<\/span><\/a><\/div>\n<\/div>\n<div>\n<hr \/>\n<\/div>\n<\/div>\n<\/div>\n<\/div>\n<div class=\"image\"><img loading=\"lazy\" decoding=\"async\" class=\"alignnone wp-image-5965 \" src=\"https:\/\/www.ces.gob.ec\/wp-content\/uploads\/2026\/04\/logos-el-nuevo-ecuador-transparente_01.png\" alt=\"\" width=\"803\" height=\"121\" \/><\/div>\n<\/td>\n<\/tr>\n<tr>\n<td>\n<div>\u00a0<\/div>\n<div class=\"description\">\n<div class=\"description\"><strong><span class=\"titulo t1\">Viceministerio de Educaci\u00f3n Superior<\/span><\/strong><\/div>\n<div>\u00a0<\/div>\n<div class=\"description\"><span class=\"titulo t1\">Viceministro\/a de Educaci\u00f3n Superior o su delegado\/a<\/span><\/div>\n<div>\u00a0<\/div>\n<div class=\"description\"><span class=\"line-inferior\">Tel:(02) 3934 300<\/span><\/div>\n<div>\u00a0<\/div>\n<div class=\"description\"><a href=\"https:\/\/www.educacionsuperior.gob.ec\/\" target=\"_blank\" rel=\"noopener\"><span class=\"line-inferior email\">www.educacionsuperior.gob.ec<\/span><\/a><\/div>\n<\/div>\n<div>\n<hr \/>\n<\/div>\n<\/td>\n<\/tr>\n<tr>\n<td>\n<div>\n<div><img loading=\"lazy\" decoding=\"async\" class=\"alignnone wp-image-5966 \" src=\"https:\/\/www.ces.gob.ec\/wp-content\/uploads\/2026\/04\/logos-el-nuevo-ecuador-transparente-02.png\" width=\"803\" height=\"121\" \/><\/div>\n<div>\u00a0<\/div>\n<div class=\"description\"><strong><span class=\"titulo t1\">Secretar\u00eda General de la Administraci\u00f3n P\u00fablica, Planificaci\u00f3n y Gabinete.<br \/><\/span><\/strong><\/div>\n<div>\u00a0<\/div>\n<div class=\"description\"><span class=\"titulo t1\">Secretario\/a General de la Administraci\u00f3n P\u00fablica, Planificaci\u00f3n y Gabinete o su delegado\/a<\/span><\/div>\n<div>\u00a0<\/div>\n<div class=\"description\"><span class=\"line-inferior\">Tel:(02) 3978 900<\/span><\/div>\n<div>\u00a0<\/div>\n<div class=\"description\"><a href=\"https:\/\/planificacion.presidencia.gob.ec\/\" target=\"_blank\" rel=\"noopener\"><span class=\"line-inferior email\">planificacion.presidencia.gob.ec<\/span><\/a><\/div>\n<div>\n<hr \/>\n<\/div>\n<\/div>\n<div>\n<div>\u00a0<\/div>\n<\/div>\n<\/td>\n<\/tr>\n<tr>\n<td>\n<div class=\"description\"><strong><span class=\"titulo t1\"><img loading=\"lazy\" decoding=\"async\" class=\"alignnone wp-image-5967 \" src=\"https:\/\/www.ces.gob.ec\/wp-content\/uploads\/2026\/04\/logos-el-nuevo-ecuador-transparente-04.png\" alt=\"\" width=\"803\" height=\"121\" \/><\/span><\/strong><\/div>\n<div>\u00a0<\/div>\n<div class=\"description\"><strong><span class=\"titulo t1\">Ministerio de Producci\u00f3n, Comercio Exterior e Inversiones.<\/span><\/strong><\/div>\n<div>\u00a0<\/div>\n<div class=\"description\"><span class=\"titulo t1\">Ministro\/a de Producci\u00f3n, Comercio Exterior e Inversiones o su delegado\/a<\/span><\/div>\n<div>\u00a0<\/div>\n<div class=\"description\"><span class=\"line-inferior\">Tel:(02) 3827 089<\/span><\/div>\n<div>\u00a0<\/div>\n<div class=\"description\"><a href=\"http:\/\/www.produccion.gob.ec\" target=\"_blank\" rel=\"noopener\"><span class=\"line-inferior email\">www.produccion.gob.ec<\/span><\/a><\/div>\n<div>\n<hr \/>\n<\/div>\n<\/td>\n<\/tr>\n<\/tbody>\n<\/table>\n<\/div>\n<\/div>\n<div style=\"margin-top:30px; clear:both;\"><\/div><\/div><div style=\"border-top:7px solid #1e73be;\" id=\"representantes-del-ejecutivo-tab-1\" class=\"rtbs_content\"><p>La Ley Org\u00e1nica de Educaci\u00f3n Superior (LOES), publicada en el Registro Oficial No. 298, el 12 de octubre de 2010, dice, en su\u00a0<strong>Art\u00edculo 167<\/strong>\u00a0que, el Consejo de Educaci\u00f3n Superior (CES) estar\u00e1 constituido de la siguiente manera:<\/p>\n<p><strong>Presidencia del Consejo de Educaci\u00f3n Superior<\/strong><br \/>El Presidente del Consejo ser\u00e1 elegido de entre sus miembros, por la mayor\u00eda de sus integrantes con derecho a voto.<\/p>\n<p><strong>Miembros Acad\u00e9micos<\/strong><br \/>Seis acad\u00e9micos elegidos por concurso p\u00fablico de merecimientos y oposici\u00f3n. Estos seis integrantes deber\u00e1n cumplir los mismos requisitos necesarios para ser rector universitario o polit\u00e9cnico.<\/p>\n<p><strong>4 representantes del ejecutivo<\/strong><br \/>Cuatro representantes del Ejecutivo que ser\u00e1n: el Secretario Nacional de Educaci\u00f3n Superior, Ciencia, Tecnolog\u00eda e Innovaci\u00f3n; el Secretario T\u00e9cnico del Sistema Nacional de Planificaci\u00f3n o su delegado; el Ministro que dirija el Sistema Educativo Nacional o su delegado; el Ministro que dirija la Pol\u00edtica de Producci\u00f3n o su delegado.<\/p>\n<p><strong>Representante estudiantil<\/strong><br \/>Un representante de las y los estudiantes que participar\u00e1 en las sesiones con voz.<\/p>\n<div style=\"margin-top:30px; clear:both;\"><\/div><\/div><div style=\"border-top:7px solid #1e73be;\" id=\"representantes-del-ejecutivo-tab-2\" class=\"rtbs_content\"><p><em>Reglamento Interno del Consejo de Educaci\u00f3n Superior.<\/em><\/p>\n<p><strong>Art. 4.<\/strong>\u00a0Atribuciones y deberes.- El Pleno del Consejo de Educaci\u00f3n Superior, adicionalmente a las atribuciones y deberes contemplados en la Ley Org\u00e1nica de Educaci\u00f3n Superior y su Reglamento General deber\u00e1:<\/p>\n<ol>\n<li>Aprobar y modificar el Estatuto Org\u00e1nico Funcional del CES, sobre la base del proyecto presentado por la Presidenta o el Presidente del CES, de conformidad con la normativa aplicable;<\/li>\n<li>Aprobar el Plan Estrat\u00e9gico del CES, presentado por la Presidenta o el Presidente del CES, y evaluar su ejecuci\u00f3n;<\/li>\n<li>Aprobar los programas operativos anuales, plurianuales y de contrataciones del CES, de conformidad con el Plan Nacional de Desarrollo;<\/li>\n<li>Aprobar las pol\u00edticas aplicables a los planes estrat\u00e9gicos, objetivos de gesti\u00f3n, estructura organizacional y responsabilidad social;<\/li>\n<li>Autorizar la compra, venta, donaciones y comodatos de bienes inmuebles del CES, de conformidad con la normativa aplicable;<\/li>\n<li>Conocer y aprobar la proforma presupuestaria anual presentada por la Presidenta o el Presidente del CES;<\/li>\n<li>Conocer y evaluar los estados financieros del CES, cortados al 30 de junio y al 31 de diciembre de cada a\u00f1o o cuando el Pleno lo requiera;<\/li>\n<li>Elegir a la Presidenta o al Presidente, de acuerdo con el Art. 167 de la LOES y el presente Reglamento;<\/li>\n<li>Nombrar a la Secretaria o al Secretario General del CES de la terna presentada por la Presidenta o el Presidente del CES;<\/li>\n<li>Designar a los miembros del CES que formar\u00e1n parte de las comisiones permanentes y ocasionales;<\/li>\n<li>Designar a los presidentes de las comisiones permanentes y ocasionales, con base en la propuesta de la respectiva comisi\u00f3n;<\/li>\n<li>Aprobar y modificar, si fuere del caso, el orden del d\u00eda de las sesiones ordinarias, propuesto por la Presidenta o el Presidenta del CES;<\/li>\n<li>Otorgar licencia a los miembros acad\u00e9micos y estudiantil, cuando su ausencia fuere mayor a 10 d\u00edas laborables;<\/li>\n<li>Establecer mecanismos de coordinaci\u00f3n y comunicaci\u00f3n permanentes con el CEAACES, la Asamblea del Sistema de Educaci\u00f3n Superior y la SENESCYT, de acuerdo con la Ley; y,<\/li>\n<li>Las dem\u00e1s que le asignen la LOES, su Reglamento General y la reglamentaci\u00f3n interna del CES.<\/li>\n<\/ol>\n<div style=\"margin-top:30px; clear:both;\"><\/div><\/div>\r\n    <\/div>\r\n    \n\n\n\n<h3 class=\"wp-block-heading\">Representante Estudiantil <\/h3>\n\n\n\n\n\n\n<h3 class=\"wp-block-heading\"><strong>Delegados permanentes<\/strong><\/h3>\n\n\n<div class=\"rtbs  rtbs_delegados-permanentes\"><div class=\"rtbs_slug\" style=\"display:none\">delegados-permanentes<\/div><div class=\"rtbs_inactive_tab_background\" style=\"display:none\">transparent<\/div><div class=\"rtbs_breakpoint\" style=\"display:none\">600<\/div><div class=\"rtbs_color\" style=\"display:none\">#1e73be<\/div>\r\n        <div class=\"rtbs_menu\">\r\n            <ul>\r\n                <li class=\"mobile_toggle\">&zwnj;<\/li><li class=\"current\"><a style=\"background:#1e73be\" class=\"active delegados-permanentes-tab-link-0\" href=\"#\" data-tab=\"#delegados-permanentes-tab-0\">Delegados permanentes<\/a><\/li><li><a href=\"#\" data-tab=\"#delegados-permanentes-tab-1\" class=\"delegados-permanentes-tab-link-1\">Integraci\u00f3n del CES<\/a><\/li><li><a href=\"#\" data-tab=\"#delegados-permanentes-tab-2\" class=\"delegados-permanentes-tab-link-2\">Atribuciones y deberes del Pleno<\/a><\/li>\r\n            <\/ul>\r\n        <\/div><div style=\"border-top:7px solid #1e73be;\" id=\"delegados-permanentes-tab-0\" class=\"rtbs_content active\"><div id=\"customlist4sobipro_198_5329\" class=\"customlist4sobipro_198\">\n<div id=\"5329\" class=\"m_pleno\">\n<div class=\"detalle\">\n<div class=\"description\">\n<div class=\"description\"><span class=\"titulo t1\">\u00a0<\/span><\/div>\n<div class=\"description\"><span class=\"titulo t1\"><a href=\"http:\/\/www.asesec.edu.ec\"><img loading=\"lazy\" decoding=\"async\" class=\"size-medium wp-image-2616 alignleft\" src=\"\/wp-content\/uploads\/2019\/07\/Logos-Esctructura-06-300x209.png\" alt=\"\" width=\"300\" height=\"209\" srcset=\"https:\/\/www.ces.gob.ec\/wp-content\/uploads\/2019\/07\/Logos-Esctructura-06-300x209.png 300w, https:\/\/www.ces.gob.ec\/wp-content\/uploads\/2019\/07\/Logos-Esctructura-06-768x535.png 768w, https:\/\/www.ces.gob.ec\/wp-content\/uploads\/2019\/07\/Logos-Esctructura-06-1024x713.png 1024w, https:\/\/www.ces.gob.ec\/wp-content\/uploads\/2019\/07\/Logos-Esctructura-06.png 1369w\" sizes=\"auto, (max-width: 300px) 100vw, 300px\" \/><\/a><strong>Asamblea del Sistema de Educaci\u00f3n Superior (ASESEC)<\/strong><\/span><\/div>\n<div>\u00a0<\/div>\n<div class=\"description\"><span class=\"titulo t1\">Rector(a) representante de las universidades o escuelas polit\u00e9cnicas p\u00fablicas<br \/><\/span><\/div>\n<div>\u00a0<\/div>\n<div class=\"description\"><span class=\"line-inferior\">Tel:(04) 2269 103 <br \/><\/span><\/div>\n<div>\u00a0<\/div>\n<div class=\"description\"><a href=\"http:\/\/www.asesec.edu.ec\" target=\"_blank\" rel=\"noopener\"><span class=\"line-inferior email\">www.asesec.edu.ec<\/span><\/a><\/div>\n<div>\u00a0<\/div>\n<\/div>\n<\/div>\n<\/div>\n<\/div>\n<div id=\"customlist4sobipro_198_5330\" class=\"customlist4sobipro_198\">\n<div id=\"5330\" class=\"m_pleno\">\n<div class=\"detalle\">\n<div>\u00a0<\/div>\n<div>\u00a0<\/div>\n<div class=\"description\"><span class=\"titulo t1\"><a href=\"http:\/\/www.asesec.edu.ec\"><img loading=\"lazy\" decoding=\"async\" class=\"wp-image-2616 size-medium alignleft\" src=\"\/wp-content\/uploads\/2019\/07\/Logos-Esctructura-06-300x209.png\" alt=\"\" width=\"300\" height=\"209\" srcset=\"https:\/\/www.ces.gob.ec\/wp-content\/uploads\/2019\/07\/Logos-Esctructura-06-300x209.png 300w, https:\/\/www.ces.gob.ec\/wp-content\/uploads\/2019\/07\/Logos-Esctructura-06-768x535.png 768w, https:\/\/www.ces.gob.ec\/wp-content\/uploads\/2019\/07\/Logos-Esctructura-06-1024x713.png 1024w, https:\/\/www.ces.gob.ec\/wp-content\/uploads\/2019\/07\/Logos-Esctructura-06.png 1369w\" sizes=\"auto, (max-width: 300px) 100vw, 300px\" \/><\/a><strong>Asamblea del Sistema de Educaci\u00f3n Superior (ASESEC)<\/strong><\/span><\/div>\n<div>\u00a0<\/div>\n<div class=\"description\"><span class=\"titulo t1\">Rector(a) representante de las universidades o escuelas polit\u00e9cnicas particulares<\/span><\/div>\n<div>\u00a0<\/div>\n<div class=\"description\"><span class=\"line-inferior\">Tel:(04) 2269 103 <br \/><\/span><\/div>\n<div>\u00a0<\/div>\n<div class=\"description\"><a href=\"http:\/\/www.asesec.edu.ec\" target=\"_blank\" rel=\"noopener\"><span class=\"line-inferior email\">www.asesec.edu.ec<\/span><\/a><\/div>\n<\/div>\n<div>\u00a0<\/div>\n<\/div>\n<\/div>\n<div id=\"customlist4sobipro_198_5331\" class=\"customlist4sobipro_198\">\n<div id=\"5331\" class=\"m_pleno\">\n<div>\u00a0<\/div>\n<div>\u00a0<\/div>\n<div class=\"description\"><span class=\"titulo t1\"><a href=\"http:\/\/www.asesec.edu.ec\"><img loading=\"lazy\" decoding=\"async\" class=\"wp-image-2616 size-medium alignleft\" src=\"\/wp-content\/uploads\/2019\/07\/Logos-Esctructura-06-300x209.png\" alt=\"\" width=\"300\" height=\"209\" srcset=\"https:\/\/www.ces.gob.ec\/wp-content\/uploads\/2019\/07\/Logos-Esctructura-06-300x209.png 300w, https:\/\/www.ces.gob.ec\/wp-content\/uploads\/2019\/07\/Logos-Esctructura-06-768x535.png 768w, https:\/\/www.ces.gob.ec\/wp-content\/uploads\/2019\/07\/Logos-Esctructura-06-1024x713.png 1024w, https:\/\/www.ces.gob.ec\/wp-content\/uploads\/2019\/07\/Logos-Esctructura-06.png 1369w\" sizes=\"auto, (max-width: 300px) 100vw, 300px\" \/><\/a><strong>Asamblea del Sistema de Educaci\u00f3n Superior (ASESEC)<\/strong><\/span><\/div>\n<div class=\"detalle\">\n<div>\u00a0<\/div>\n<div class=\"description\"><span class=\"titulo t1\">Rector(a) representante de los institutos t\u00e9cnicos, tecnol\u00f3gicos, pedag\u00f3gicos, de artes y conservatorios superiores<\/span><\/div>\n<div>\u00a0<\/div>\n<div class=\"description\"><span class=\"line-inferior email\"><span class=\"line-inferior\">Tel:(04) 2269 103<\/span><\/span><\/div>\n<div>\u00a0<\/div>\n<div class=\"description\"><span class=\"line-inferior email\"><a href=\"http:\/\/www.asesec.edu.ec\" target=\"_blank\" rel=\"noopener\">www.asesec.edu.ec<\/a><\/span><\/div>\n<\/div>\n<\/div>\n<\/div>\n<div>\n<div>\u00a0<\/div>\n<div>\u00a0<\/div>\n<div>\u00a0<\/div>\n<div class=\"description\"><span class=\"titulo t1\"><img loading=\"lazy\" decoding=\"async\" class=\"wp-image-5738 size-medium alignleft\" src=\"https:\/\/www.ces.gob.ec\/wp-content\/uploads\/2023\/10\/LOGOTIPO-CACES-FC-031-300x209.png\" alt=\"\" width=\"300\" height=\"209\" srcset=\"https:\/\/www.ces.gob.ec\/wp-content\/uploads\/2023\/10\/LOGOTIPO-CACES-FC-031-300x209.png 300w, https:\/\/www.ces.gob.ec\/wp-content\/uploads\/2023\/10\/LOGOTIPO-CACES-FC-031-1024x714.png 1024w, https:\/\/www.ces.gob.ec\/wp-content\/uploads\/2023\/10\/LOGOTIPO-CACES-FC-031-768x535.png 768w, https:\/\/www.ces.gob.ec\/wp-content\/uploads\/2023\/10\/LOGOTIPO-CACES-FC-031.png 1287w\" sizes=\"auto, (max-width: 300px) 100vw, 300px\" \/><strong>Consejo de Aseguramiento de la Calidad de la Educaci\u00f3n Superior (CACES)<\/strong><\/span><\/div>\n<div>\u00a0<\/div>\n<div class=\"description\"><span class=\"titulo t1\">Consejero(a)<\/span><\/div>\n<div>\u00a0<\/div>\n<div class=\"description\"><span class=\"line-inferior\">Tel:(02) 3825 800<\/span><\/div>\n<div>\u00a0<\/div>\n<div class=\"description\"><a href=\"http:\/\/www.caces.gob.ec\" target=\"_blank\" rel=\"noopener\"><span class=\"line-inferior email\">www.caces.gob.ec<\/span><\/a><\/div>\n<\/div>\n<div>\u00a0<\/div>\n<div id=\"customlist4sobipro_198_5332\" class=\"customlist4sobipro_198\">\n<div id=\"5332\" class=\"m_pleno\">\n<div class=\"detalle\">\n<div>\u00a0<\/div>\n<\/div>\n<\/div>\n<\/div>\n<div style=\"margin-top:30px; clear:both;\"><\/div><\/div><div style=\"border-top:7px solid #1e73be;\" id=\"delegados-permanentes-tab-1\" class=\"rtbs_content\"><p>La Ley Org\u00e1nica de Educaci\u00f3n Superior, publicada en el Registro Oficial No. 298, el 12 de octubre de 2010 y reformada el 12 de julio de 2018, establece, en su Art\u00edculo 167 que, el Consejo de Educaci\u00f3n Superior estar\u00e1 integrado por los siguientes miembros:<\/p>\n<ol>\n<li>Cuatro representantes del Ejecutivo que ser\u00e1n: el Secretario de Educaci\u00f3n Superior, Ciencia Tecnolog\u00eda e Innovaci\u00f3n o su delegado; el Secretario Nacional de Planificaci\u00f3n o su delegado; el Ministro de Educaci\u00f3n o su delegado; el Ministro de la Producci\u00f3n o su delegado. Los representantes del Ejecutivo deber\u00e1n tener al menos t\u00edtulo de cuarto nivel registrado por el ente rector de la pol\u00edtica p\u00fablica de educaci\u00f3n superior;<\/li>\n<li>Seis acad\u00e9micos elegidos por concurso p\u00fablico de merecimientos y oposici\u00f3n. Estos seis integrantes deber\u00e1n cumplir los mismos requisitos necesarios para ser Rector universitario o polit\u00e9cnico; y,<\/li>\n<li>Tres representantes de las y los estudiantes que participar\u00e1n en las sesiones con voz; que deber\u00e1n provenir de las universidades o escuelas polit\u00e9cnicas p\u00fablicas, de las universidades particulares y de los institutos o conservatorios superiores. Los representantes estudiantiles deber\u00e1n tener un promedio acad\u00e9mico general acad\u00e9mico equivalente a Muy Buena y haber aprobado al menos el 80% de la malla curricular correspondiente a su carrera. Los representantes estudiantiles ser\u00e1n elegidos por concurso de oposici\u00f3n y m\u00e9ritos.<\/li>\n<\/ol>\n<p>Los delegados permanentes, que tendr\u00e1n derecho a voz, sin voto, ser\u00e1n los siguientes:<\/p>\n<ol>\n<li>Tres representantes de la Asamblea del Sistema de Educaci\u00f3n Superior designados por su Directorio que ser\u00e1n: un rector representante de las universidades o escuelas polit\u00e9cnicas p\u00fablicas; un rector representante de las universidades o escuelas polit\u00e9cnicas particulares; y, un rector representante de los institutos t\u00e9cnicos, tecnol\u00f3gicos, pedag\u00f3gicos, de artes y conservatorios superiores; y,<\/li>\n<li>Un consejero del Consejo de Aseguramiento de la Calidad de la Educaci\u00f3n Superior, designado por el Pleno de este organismo.<\/li>\n<\/ol>\n<p>El Pleno del Consejo de Educaci\u00f3n Superior podr\u00e1 llamar a participar a todos quienes considere, en funci\u00f3n de los temas a ser tratados.<\/p>\n<div style=\"margin-top:30px; clear:both;\"><\/div><\/div><div style=\"border-top:7px solid #1e73be;\" id=\"delegados-permanentes-tab-2\" class=\"rtbs_content\"><p><strong>Reglamento Interno del Consejo de Educaci\u00f3n Superior<\/strong><\/p>\n<p>Art. 4. Atribuciones y deberes.- El Pleno del Consejo de Educaci\u00f3n Superior, adicionalmente a las atribuciones y deberes contemplados en la Ley Org\u00e1nica de Educaci\u00f3n Superior y su Reglamento General deber\u00e1:<\/p>\n<ol>\n<li>Aprobar y modificar el Estatuto Org\u00e1nico Funcional del CES, sobre la base del proyecto presentado por la Presidenta o el Presidente del CES, de conformidad con la normativa aplicable;<\/li>\n<li>Aprobar el Plan Estrat\u00e9gico del CES, presentado por la Presidenta o el Presidente del CES, y evaluar su ejecuci\u00f3n;<\/li>\n<li>Aprobar los programas operativos anuales, plurianuales y de contrataciones del CES, de conformidad con el Plan Nacional de Desarrollo;<\/li>\n<li>Aprobar las pol\u00edticas aplicables a los planes estrat\u00e9gicos, objetivos de gesti\u00f3n, estructura organizacional y responsabilidad social;<\/li>\n<li>Autorizar la compra, venta, donaciones y comodatos de bienes inmuebles del CES, de conformidad con la normativa aplicable;<\/li>\n<li>Conocer y aprobar la proforma presupuestaria anual presentada por la Presidenta o el Presidente del CES;<\/li>\n<li>Conocer y evaluar los estados financieros del CES, cortados al 30 de junio y al 31 de diciembre de cada a\u00f1o o cuando el Pleno lo requiera;<\/li>\n<li>Elegir a la Presidenta o al Presidente, de acuerdo con el Art. 167 de la LOES y el presente Reglamento;<\/li>\n<li>Nombrar a la Secretaria o al Secretario General del CES de la terna presentada por la Presidenta o el Presidente del CES;<\/li>\n<li>Designar a los miembros del CES que formar\u00e1n parte de las comisiones permanentes y ocasionales;<\/li>\n<li>Designar a los presidentes de las comisiones permanentes y ocasionales, con base en la propuesta de la respectiva comisi\u00f3n;<\/li>\n<li>Aprobar y modificar, si fuere del caso, el orden del d\u00eda de las sesiones ordinarias, propuesto por la Presidenta o el Presidenta del CES;<\/li>\n<li>Otorgar licencia a los miembros acad\u00e9micos y estudiantil, cuando su ausencia fuere mayor a 10 d\u00edas laborables;<\/li>\n<li>Establecer mecanismos de coordinaci\u00f3n y comunicaci\u00f3n permanentes con el CEAACES, la Asamblea del Sistema de Educaci\u00f3n Superior y la SENESCYT, de acuerdo con la Ley; y,<\/li>\n<li>Las dem\u00e1s que le asignen la LOES, su Reglamento General y la reglamentaci\u00f3n interna del CES.<\/li>\n<\/ol>\n<div style=\"margin-top:30px; clear:both;\"><\/div><\/div>\r\n    <\/div>\r\n    \n\n\n\n<h3 class=\"wp-block-heading\">Secretar\u00eda General del CES <\/h3>\n\n\n<div class=\"rtbs  rtbs_secretaria-general-del-ces-2\"><div class=\"rtbs_slug\" style=\"display:none\">secretaria-general-del-ces-2<\/div><div class=\"rtbs_inactive_tab_background\" style=\"display:none\">transparent<\/div><div class=\"rtbs_breakpoint\" style=\"display:none\">600<\/div><div class=\"rtbs_color\" style=\"display:none\">#1e73be<\/div>\r\n        <div class=\"rtbs_menu\">\r\n            <ul>\r\n                <li class=\"mobile_toggle\">&zwnj;<\/li><li class=\"current\"><a style=\"background:#1e73be\" class=\"active secretaria-general-del-ces-2-tab-link-0\" href=\"#\" data-tab=\"#secretaria-general-del-ces-2-tab-0\">Secretario General del CES<\/a><\/li>\r\n            <\/ul>\r\n        <\/div><div style=\"border-top:7px solid #1e73be;\" id=\"secretaria-general-del-ces-2-tab-0\" class=\"rtbs_content active\"><div id=\"customlist4sobipro_191_388\" class=\"customlist4sobipro_191\">\n<div id=\"388\" class=\"m_pleno\">\n<div class=\"detalle\">\n<div class=\"image\">\u00a0<\/div>\n<div class=\"description\"><strong><span class=\"titulo t1\"><img loading=\"lazy\" decoding=\"async\" class=\"wp-image-5439 size-medium alignleft\" src=\"https:\/\/www.ces.gob.ec\/wp-content\/uploads\/2022\/05\/Dr.-Andres-Jaramillo-300x200.jpg\" alt=\"\" width=\"300\" height=\"200\" srcset=\"https:\/\/www.ces.gob.ec\/wp-content\/uploads\/2022\/05\/Dr.-Andres-Jaramillo-300x200.jpg 300w, https:\/\/www.ces.gob.ec\/wp-content\/uploads\/2022\/05\/Dr.-Andres-Jaramillo-1024x683.jpg 1024w, https:\/\/www.ces.gob.ec\/wp-content\/uploads\/2022\/05\/Dr.-Andres-Jaramillo-768x512.jpg 768w, https:\/\/www.ces.gob.ec\/wp-content\/uploads\/2022\/05\/Dr.-Andres-Jaramillo-1536x1024.jpg 1536w, https:\/\/www.ces.gob.ec\/wp-content\/uploads\/2022\/05\/Dr.-Andres-Jaramillo-2048x1365.jpg 2048w\" sizes=\"auto, (max-width: 300px) 100vw, 300px\" \/>Abg. Marcel Andr\u00e9s Jaramillo Paredes<\/p>\n<p><\/span><\/strong><\/div>\n<div class=\"description\"><span class=\"titulo t1\">Secretario General del Consejo de Educaci\u00f3n Superior<\/span><\/div>\n<div>\u00a0<\/div>\n<div class=\"description\"><a href=\"?page_id=2416\">Leer m\u00e1s<\/a><\/div>\n<div>\u00a0<\/div>\n<div class=\"description\"><span class=\"line-inferior\">Tel:(02) 3947 820<\/span><\/div>\n<div>\u00a0<\/div>\n<div class=\"description\"><span class=\"line-inferior email\">andres.jaramillo@ces.gob.ec<\/span><\/div>\n<\/div>\n<\/div>\n<\/div>\n<div id=\"gtx-trans\">\n<div class=\"gtx-trans-icon\">\u00a0<\/div>\n<\/div>\n<div style=\"margin-top:30px; clear:both;\"><\/div><\/div>\r\n    <\/div>\r\n    \n","protected":false},"excerpt":{"rendered":"<p>Presidencia del CES Miembros Acad\u00e9micos Representantes del Ejecutivo Representante Estudiantil Delegados permanentes Secretar\u00eda General del CES<\/p>\n","protected":false},"author":1,"featured_media":0,"parent":0,"menu_order":0,"comment_status":"closed","ping_status":"closed","template":"","meta":{"_monsterinsights_skip_tracking":false,"_monsterinsights_sitenote_active":false,"_monsterinsights_sitenote_note":"","_monsterinsights_sitenote_category":0,"footnotes":""},"class_list":["post-57","page","type-page","status-publish","hentry"],"_links":{"self":[{"href":"https:\/\/www.ces.gob.ec\/index.php?rest_route=\/wp\/v2\/pages\/57","targetHints":{"allow":["GET"]}}],"collection":[{"href":"https:\/\/www.ces.gob.ec\/index.php?rest_route=\/wp\/v2\/pages"}],"about":[{"href":"https:\/\/www.ces.gob.ec\/index.php?rest_route=\/wp\/v2\/types\/page"}],"author":[{"embeddable":true,"href":"https:\/\/www.ces.gob.ec\/index.php?rest_route=\/wp\/v2\/users\/1"}],"replies":[{"embeddable":true,"href":"https:\/\/www.ces.gob.ec\/index.php?rest_route=%2Fwp%2Fv2%2Fcomments&post=57"}],"version-history":[{"count":10,"href":"https:\/\/www.ces.gob.ec\/index.php?rest_route=\/wp\/v2\/pages\/57\/revisions"}],"predecessor-version":[{"id":4758,"href":"https:\/\/www.ces.gob.ec\/index.php?rest_route=\/wp\/v2\/pages\/57\/revisions\/4758"}],"wp:attachment":[{"href":"https:\/\/www.ces.gob.ec\/index.php?rest_route=%2Fwp%2Fv2%2Fmedia&parent=57"}],"curies":[{"name":"wp","href":"https:\/\/api.w.org\/{rel}","templated":true}]}}