{"id":2117,"date":"2019-07-25T11:10:18","date_gmt":"2019-07-25T17:10:18","guid":{"rendered":"https:\/\/www.ces.gob.ec\/?page_id=2117"},"modified":"2026-04-14T09:49:16","modified_gmt":"2026-04-14T14:49:16","slug":"dr-german-rojas-idrovo-ph-d","status":"publish","type":"page","link":"https:\/\/www.ces.gob.ec\/?page_id=2117","title":{"rendered":"Eco. Fidel M\u00e1rquez S\u00e1nchez"},"content":{"rendered":"\n<div class=\"wp-block-columns has-2-columns is-layout-flex wp-container-core-columns-is-layout-9d6595d7 wp-block-columns-is-layout-flex\">\n<div class=\"wp-block-column is-layout-flow wp-block-column-is-layout-flow\">\n<h2 class=\"wp-block-heading\"><strong>Eco. Fidel M\u00e1rquez S\u00e1nchez Ph.D.<\/strong><\/h2>\n\n\n\n<p><strong>Presidente del Consejo de Educaci\u00f3n Superior <\/strong><\/p>\n\n\n\n<p><strong>Tel:<\/strong> (02) 3947 820&nbsp;&nbsp; <\/p>\n\n\n\n<p><strong>Correo:<\/strong> <a href=\"fidel.marquez@ces.gob.ec\">fidel.marquez@ces.gob.ec<\/a><\/p>\n<\/div>\n\n\n\n<div class=\"wp-block-column is-layout-flow wp-block-column-is-layout-flow\">\n<figure class=\"wp-block-gallery has-nested-images columns-default is-cropped wp-block-gallery-1 is-layout-flex wp-block-gallery-is-layout-flex\">\n<figure class=\"wp-block-image size-full\"><img loading=\"lazy\" decoding=\"async\" width=\"900\" height=\"600\" data-id=\"6242\" src=\"https:\/\/www.ces.gob.ec\/wp-content\/uploads\/2025\/01\/FM.jpg\" alt=\"\" class=\"wp-image-6242\" srcset=\"https:\/\/www.ces.gob.ec\/wp-content\/uploads\/2025\/01\/FM.jpg 900w, https:\/\/www.ces.gob.ec\/wp-content\/uploads\/2025\/01\/FM-300x200.jpg 300w, https:\/\/www.ces.gob.ec\/wp-content\/uploads\/2025\/01\/FM-768x512.jpg 768w\" sizes=\"auto, (max-width: 900px) 100vw, 900px\" \/><\/figure>\n<\/figure>\n\n\n\n<p><\/p>\n<\/div>\n<\/div>\n\n\n\n<h3 class=\"wp-block-heading\">Formaci\u00f3n Acad\u00e9mica <\/h3>\n\n\n\n<ul class=\"wp-block-list\">\n<li>Ph.D. en Ciencias Econ\u00f3micas, Universidad de la Habana.<\/li>\n\n\n\n<li>Magister en Direcci\u00f3n Financiera, ESADE, Universidad Ram\u00f3n Llull &#8211; Barcelona-Espa\u00f1a.<\/li>\n\n\n\n<li>Master en Finanzas, Adolfo Iba\u00f1ez Escuela de Negocios &#8211; Chile.<\/li>\n\n\n\n<li>Master of Science in Finance, Adolfo Iba\u00f1ez Business School. Miami-USA.<\/li>\n\n\n\n<li>Post-Graduate Diploma in Population &amp; Development, Jawaharlal Nehru University. New Delhi-India.<\/li>\n\n\n\n<li>International Training Programme in Population and Development, Center for Development Studies. Thiruvananthapuram, Kerala, India.<\/li>\n\n\n\n<li>Posgrado sobre Poblaci\u00f3n y Desarrollo, Universidad de la Habana \u2013 FNUAP- Cuba.<\/li>\n\n\n\n<li>Posgrado en Desarrollo y Relaciones Internacionales, Universidad de la Habana &#8211; FLACSO.<\/li>\n\n\n\n<li>Licenciado en Econom\u00eda Pol\u00edtica, Universidad de la Habana \u2013 Cuba.<\/li>\n<\/ul>\n\n\n\n<h3 class=\"wp-block-heading\">Trayectoria Acad\u00e9mica<\/h3>\n\n\n\n<ul class=\"wp-block-list\">\n<li>Profesor Titular, Facultad de Econom\u00eda, Universidad de Matanzas 1986-1987<\/li>\n\n\n\n<li>Profesor Titular, Facultad de Econom\u00eda, Universidad de La Habana 1987-1997<\/li>\n\n\n\n<li>Profesor Titular Facultad de Econom\u00eda, Universidad de Especialidades Esp\u00edritu Santo. 1998-2022<\/li>\n\n\n\n<li>Director Centro de Investigaciones, Universidad de Especialidades Esp\u00edritu Santo. 2000-2003<\/li>\n\n\n\n<li>Decano de la Facultad de Econom\u00eda y Ciencias Empresariales, Universidad de Especialidades Esp\u00edritu Santo. 2000-2006<\/li>\n\n\n\n<li>Miembro del grupo de expertos, Los Tribunales permanentes de Grados Cient\u00edficos en Ciencias Econ\u00f3micas (Ph D). 2014<\/li>\n\n\n\n<li>Universidad de la Habana.<\/li>\n\n\n\n<li>Vice-Rector General, Universidad Tecnol\u00f3gica ECOTEC. 2006-2009.<\/li>\n\n\n\n<li>Rector, Universidad Tecnol\u00f3gica ECOTEC. 2009-2014 \/ 2014-2019<\/li>\n\n\n\n<li>ProRector, Universidad Tecnol\u00f3gica ECOTEC. 20019-2022<\/li>\n\n\n\n<li>Profesor Titular Principal III. Universidad Tecnol\u00f3gica ECOTEC. 2007-2022<\/li>\n<\/ul>\n\n\n\n<h3 class=\"wp-block-heading\"><strong>Publicaciones<\/strong><\/h3>\n\n\n\n<p><strong>Autor y coautor de varios libros publicados en los \u00faltimos a\u00f1os:<\/strong><\/p>\n\n\n\n<ul class=\"wp-block-list\">\n<li>Coautor del libro \u201cPol\u00edticas P\u00fablicas para el Desarrollo Local Sostenible: Caso Guayaquil\u201d-2021 ISBN: 978-9942-960-63-4 <\/li>\n\n\n\n<li>Coautor del libro \u201cLa Creatividad en el Territorio\u201d \u2013 2021- ISBN: 978-9942-960-57-3 <\/li>\n\n\n\n<li>Autor del libro \u201cCl\u00faster y encadenamientos productivos en la costa ecuatoriana\u201d -2019 ISBN: 978-9942-960-50-4 <\/li>\n\n\n\n<li>Autor del libro \u201cDesarrollo local en el gran Guayaquil. Conceptos y casos\u201d- 2019 ISBN: 978-9942-960-46-7 <\/li>\n\n\n\n<li>Autor del libro \u201cDesarrollo sostenible y medio ambiente\u201d-2019 -ISBN: 978-9942-960-54-2<\/li>\n<\/ul>\n\n\n\n<p><strong><strong>Autor y coautor de varios cap\u00edtulos publicados en los \u00faltimos a\u00f1os:<\/strong><\/strong><\/p>\n\n\n\n<ul class=\"wp-block-list\">\n<li>Coautor del cap\u00edtulo \u201cDesarrollo territorial: Una revisi\u00f3n del concepto\u201d en el libro \u201cGran Guayaquil: Propuesta de un Modelo Potencial de Desarrollo\u201d-2022 -ISBN: 978-9942-960-68-9. <\/li>\n\n\n\n<li>Coautor del cap\u00edtulo \u201cTourist destination management and cultural heritage a perspective of the city of Havana\u201d en el libro \u201cLa gesti\u00f3n tur\u00edstica del patrimonio: una visi\u00f3n multidisciplinar\u201d -2022 ISBN: 978-8411-255-23-3. <\/li>\n\n\n\n<li>Coautor del cap\u00edtulo \u201cLos Modelos de gesti\u00f3n municipal como componente de desarrollo local\u201d en el libro \u201cModelo de gesti\u00f3n municipal en Guayaquil para el desarrollo local sostenible\u201d-2021 ISBN: 978-9942-960-64-1.<\/li>\n\n\n\n<li>Coautor del cap\u00edtulo \u201cEconom\u00eda Creativa, Territorio y Pol\u00edticas P\u00fablicas\u201d en el libro \u201cLa creatividad en el territorio\u201d -2021- ISBN: 978-9942-960-57-3. <\/li>\n\n\n\n<li>Coautor del cap\u00edtulo \u201cLa Pol\u00edtica P\u00fablica en el Desarrollo Territorial hacia una Descentralizaci\u00f3n y Autonom\u00eda del Territorio\u201d en el libro \u201cPol\u00edticas P\u00fablicas para el Desarrollo local sostenible: caso Guayaquil\u201d -2021 -ISBN: 978-9942-960-63-4. <\/li>\n\n\n\n<li>Coautor del cap\u00edtulo \u201cEstudio del impacto de la ayuda humanitaria en crisis sanitaria por COVID-19\u201d en el libro \u201cPol\u00edticas P\u00fablicas para el Desarrollo local sostenible: caso Guayaquil\u201d-2021 ISBN: 978-9942-960-63-4. <\/li>\n\n\n\n<li>Autor del cap\u00edtulo \u201cAspectos Te\u00f3ricos acerca de las cadenas de producci\u00f3n, de calor y cl\u00faster\u201d en el libro \u201cCl\u00faster y Encadenamientos productivos en la costa ecuatoriana\u201d -2019 ISBN: 978-9942-960-50-4. <\/li>\n\n\n\n<li>Coautor del cap\u00edtulo \u201cAn\u00e1lisis e Impacto del Bono de Desarrollo Humano en las parroquias rurales del cant\u00f3n Salitre\u201d en el libro \u201cDesarrollo Sostenible y Medio Ambiente\u201d -2019 ISBN: 978-9942-960-54-2. <\/li>\n\n\n\n<li>Coautor del cap\u00edtulo \u201cEcoinnovaci\u00f3n como herramienta de desarrollo econ\u00f3mico y social desde las pol\u00edticas p\u00fablicas en el cant\u00f3n Santiago de Guayaquil\u201d en el libro \u201cDesarrollo Sostenible y Medio Ambiente\u201d -2019 -ISBN: 978-9942-960-54-2. <\/li>\n\n\n\n<li>Autor del cap\u00edtulo \u201cEl nuevo paradigma del desarrollo territorial; el potencial del desarrollo\u201d en el libro \u201cDesarrollo local en el Gran Guayaquil: Conceptos y casos\u201d -2019 -ISBN: 978-9942-960-46-7. <\/li>\n\n\n\n<li>Autor del cap\u00edtulo \u201cEstudio sobre el \u00edndice del potencial de desarrollo del Gran Guayaquil\u201d en el libro \u201cDesarrollo local en el Gran Guayaquil: Conceptos y casos\u201d -2019 -ISBN: 978-9942-960-46-7.<\/li>\n<\/ul>\n\n\n\n<p><strong><strong><strong>Art\u00edculos Cient\u00edficos publicados en los \u00faltimos a\u00f1os<\/strong><\/strong><\/strong>:<\/p>\n\n\n\n<ul class=\"wp-block-list\">\n<li>Coautor del art\u00edculo \u201cEconom\u00eda del conocimiento desde la visi\u00f3n del territorio\u201d Revista cient\u00edfica Eco Ciencia-2022 Latindex CLASE DOAJ. <\/li>\n\n\n\n<li>Coautor del art\u00edculo \u201cFood Autonomy within Food Sovereignty: Evidence from a Structural Model\u201d Agronomy-2022 Scopus SCIE (web of Science) PubAg AGRIS.<\/li>\n\n\n\n<li>Coautor del art\u00edculo \u201cCOVID-19 Pandemic in the city of Guayaquil: Evidence of Municipal Response and the Socio-economic Impact\u201d Revista de la Universidad del Zulia-2022 Web of Science RECIB CLASE. <\/li>\n\n\n\n<li>Coautor del art\u00edculo \u201cSoberan\u00eda alimentaria desde la Pol\u00edtica P\u00fablica y sus argumentos\u201d Revista Ciencia Eco ciencia -2021 Latindex CLASE DOAJ PROQUEST.<\/li>\n\n\n\n<li>Coautor del art\u00edculo \u201cImpacto Socioecon\u00f3mico causado por la Covid-19 en Zonas Vulnerables de Guayaquil a un a\u00f1o de la Pandemia\u201d Revista Ciencia Eco ciencia -2021 Latindex CLASE DOAJ PROQUEST. <\/li>\n\n\n\n<li>Coautor del art\u00edculo \u201cModelo econom\u00e9trico de los gastos operativos de la banca en el Ecuador: Periodo 2012 \u2013 2019\u201d Revista Cient\u00edfica Eco ciencia-2021 Latindex CLASE DOAJ PROQUEST. <\/li>\n\n\n\n<li>Coautor del art\u00edculo \u201cCapital humano: Actor central para la sostenibilidad organizacional\u201d Revista Venezolana de GERENCIA-2021 Scopus Scielo MIAR REDALYC DOAJ LATINDEX. <\/li>\n\n\n\n<li>Coautor del art\u00edculo \u201cIncidencia de la Gesti\u00f3n de los Recursos Humanos en los resultados Organizacionales: \u00bfmito o realidad?\u201d Revista Gecontec-2021 Web Of Science,DOAJ, Latindex. <\/li>\n\n\n\n<li>Coautor del art\u00edculo \u201cDiagn\u00f3stico del impacto socioecon\u00f3mico de la Ayuda Humanitaria en la Crisis Sanitaria por el COVID-19: Validez de un instrumento\u201d Revista Cient\u00edfica Eco ciencia-2020 Latindex CLASE DOAJ PROQUEST. <\/li>\n\n\n\n<li>Coautor del art\u00edculo \u201cSector informal: Tributaci\u00f3n y desarrollo local\u201d Revista Espacios-2020 Latindex. Coautor del art\u00edculo \u201cContinuous review model of inventories with uncertainty in their parameters\u201d Revista Espacios-2020 Scopus. <\/li>\n\n\n\n<li>Coautor del art\u00edculo \u201cProcedimiento para la selecci\u00f3n del personal basado en la Teor\u00eda de los Subconjuntos Borrosos y Operadores OWA Procedure for Personnel Selection based on the theory of fuzzy subsets and OWA operators Contenido\u201d Revista Espacios-2019 Scopus. <\/li>\n\n\n\n<li>Coautor del art\u00edculo \u201cLa Gesti\u00f3n del Conocimiento y el Aprendizaje. Aspectos Metodol\u00f3gicos\u201d UCE Ciencia-2019 Latindex.<\/li>\n<\/ul>\n","protected":false},"excerpt":{"rendered":"<p>Eco. Fidel M\u00e1rquez S\u00e1nchez Ph.D. Presidente del Consejo de Educaci\u00f3n Superior Tel: (02) 3947 820&nbsp;&nbsp; Correo: fidel.marquez@ces.gob.ec Formaci\u00f3n Acad\u00e9mica Trayectoria Acad\u00e9mica Publicaciones Autor y coautor de varios libros publicados en los \u00faltimos a\u00f1os: Autor y coautor de varios cap\u00edtulos publicados en los \u00faltimos a\u00f1os: Art\u00edculos Cient\u00edficos publicados en los \u00faltimos a\u00f1os:<\/p>\n","protected":false},"author":1,"featured_media":0,"parent":0,"menu_order":0,"comment_status":"closed","ping_status":"closed","template":"","meta":{"_monsterinsights_skip_tracking":false,"_monsterinsights_sitenote_active":false,"_monsterinsights_sitenote_note":"","_monsterinsights_sitenote_category":0,"footnotes":""},"class_list":["post-2117","page","type-page","status-publish","hentry"],"_links":{"self":[{"href":"https:\/\/www.ces.gob.ec\/index.php?rest_route=\/wp\/v2\/pages\/2117","targetHints":{"allow":["GET"]}}],"collection":[{"href":"https:\/\/www.ces.gob.ec\/index.php?rest_route=\/wp\/v2\/pages"}],"about":[{"href":"https:\/\/www.ces.gob.ec\/index.php?rest_route=\/wp\/v2\/types\/page"}],"author":[{"embeddable":true,"href":"https:\/\/www.ces.gob.ec\/index.php?rest_route=\/wp\/v2\/users\/1"}],"replies":[{"embeddable":true,"href":"https:\/\/www.ces.gob.ec\/index.php?rest_route=%2Fwp%2Fv2%2Fcomments&post=2117"}],"version-history":[{"count":15,"href":"https:\/\/www.ces.gob.ec\/index.php?rest_route=\/wp\/v2\/pages\/2117\/revisions"}],"predecessor-version":[{"id":6870,"href":"https:\/\/www.ces.gob.ec\/index.php?rest_route=\/wp\/v2\/pages\/2117\/revisions\/6870"}],"wp:attachment":[{"href":"https:\/\/www.ces.gob.ec\/index.php?rest_route=%2Fwp%2Fv2%2Fmedia&parent=2117"}],"curies":[{"name":"wp","href":"https:\/\/api.w.org\/{rel}","templated":true}]}}