{"id":6659,"date":"2025-12-03T00:43:58","date_gmt":"2025-12-03T05:43:58","guid":{"rendered":"https:\/\/www.ces.gob.ec\/?post_type=te_announcements&#038;p=6659"},"modified":"2025-12-03T01:32:33","modified_gmt":"2025-12-03T06:32:33","slug":"ces-reune-a-rectoras-y-rectores-para-fortalecer-el-sistema-de-educacion-superior","status":"publish","type":"te_announcements","link":"https:\/\/www.ces.gob.ec\/?te_announcements=ces-reune-a-rectoras-y-rectores-para-fortalecer-el-sistema-de-educacion-superior","title":{"rendered":"CES RE\u00daNE A RECTORAS Y RECTORES PARA FORTALECER EL SISTEMA DE EDUCACI\u00d3N SUPERIOR"},"content":{"rendered":"<p style=\"text-align: right;\"><strong>Quito, 02 de diciembre de 2025 <\/strong><\/p>\n<p style=\"text-align: center;\"><span style=\"color: #993300;\"><strong>CES RE\u00daNE A RECTORAS Y RECTORES PARA FORTALECER EL SISTEMA DE EDUCACI\u00d3N SUPERIOR <\/strong><\/span><\/p>\n<p><img loading=\"lazy\" decoding=\"async\" class=\"alignleft wp-image-6660 size-medium\" src=\"https:\/\/www.ces.gob.ec\/wp-content\/uploads\/2025\/12\/FOTOOFICIAL-300x200.jpeg\" alt=\"\" width=\"300\" height=\"200\" srcset=\"https:\/\/www.ces.gob.ec\/wp-content\/uploads\/2025\/12\/FOTOOFICIAL-300x200.jpeg 300w, https:\/\/www.ces.gob.ec\/wp-content\/uploads\/2025\/12\/FOTOOFICIAL-1024x684.jpeg 1024w, https:\/\/www.ces.gob.ec\/wp-content\/uploads\/2025\/12\/FOTOOFICIAL-768x513.jpeg 768w, https:\/\/www.ces.gob.ec\/wp-content\/uploads\/2025\/12\/FOTOOFICIAL-1536x1025.jpeg 1536w, https:\/\/www.ces.gob.ec\/wp-content\/uploads\/2025\/12\/FOTOOFICIAL.jpeg 1600w\" sizes=\"auto, (max-width: 300px) 100vw, 300px\" \/><\/p>\n<p style=\"text-align: justify;\">El Consejo de Educaci\u00f3n Superior (CES) desarroll\u00f3 en las instalaciones de la Universidad UTE, el Encuentro Nacional de Rectoras y Rectores de las Universidades y Escuelas Polit\u00e9cnicas, que cont\u00f3 con la participaci\u00f3n de expositores nacionales e internacionales: F\u00e9lix de Moya Aneg\u00f3n, Fundador y CEO de Scimago Lab; y Esteban Veintimilla, representante del QS World University Rankings.<\/p>\n<p>La inauguraci\u00f3n del Encuentro estuvo a cargo del presidente del CES, Pablo Beltr\u00e1n, junto al viceministro de Educaci\u00f3n Superior, Mario Cuvi y el rector de la Universidad UTE, Ricardo Hidalgo Ottolenghi. Participaron tambi\u00e9n, los consejeros acad\u00e9micos \u00c1ngela Calder\u00f3n, Carmita \u00c1lvarez, Fidel M\u00e1rquez y Pa\u00fal Medina, as\u00ed como autoridades de 63 universidades y escuelas polit\u00e9cnicas del pa\u00eds. Asistieron 40 rectores, 15 vicerrectores y m\u00e1s de 20 autoridades acad\u00e9micas.<\/p>\n<blockquote><p>\u201cEs muy grato contar en este espacio de di\u00e1logo con la presencia de las autoridades de las universidades y escuelas polit\u00e9cnicas, rectoras y rectores comprometidos con la educaci\u00f3n superior, con quienes compartimos el sue\u00f1o de contribuir y construir un mejor pa\u00eds\u201d, expres\u00f3 Pablo Beltr\u00e1n.<\/p><\/blockquote>\n<p style=\"text-align: justify;\">El Encuentro se constituy\u00f3 como un espacio estrat\u00e9gico para construir una visi\u00f3n compartida de compromiso con la investigaci\u00f3n cient\u00edfica de calidad, alineada con los desaf\u00edos globales y las prioridades nacionales.<\/p>\n<blockquote><p>Por su parte, el viceministro de Educaci\u00f3n Superior, Mario Cuvi, destac\u00f3: \u201cEl destino de nuestro pa\u00eds se hace en las aulas. Debemos pensar en la unidad del sistema de educaci\u00f3n superior, con las universidades y escuelas polit\u00e9cnicas como eje central. Si trabajamos de manera colaborativa el pa\u00eds se fortalece. La coordinaci\u00f3n nos permite crecer y responder a las demandas de la sociedad\u201d, apunt\u00f3.<\/p><\/blockquote>\n<p style=\"text-align: justify;\">Durante la jornada, F\u00e9lix de Moya Aneg\u00f3n, CEO de Scimago Lab, y Esteban Veintimilla, Global Director-Labour Market Intelligence de QS World University Rankings, compartieron an\u00e1lisis y perspectivas sobre los procesos de fortalecimiento de la calidad en los sistemas de educaci\u00f3n superior.<\/p>\n<blockquote><p>\u00abEsta es la oportunidad para repensar nuestra manera de ver el sistema de comunicaci\u00f3n cient\u00edfica, adoptar principios que prioricen el valor social del conocimiento y consensuar buenas pr\u00e1cticas en publicaciones cient\u00edficas\u00bb, manifest\u00f3 Ricardo Hidalgo Ottolenghi, rector de Universidad UTE.<\/p><\/blockquote>\n<p style=\"text-align: justify;\">Los asistentes compartieron un di\u00e1logo sobre buenas pr\u00e1cticas en publicaciones cient\u00edficas, enfocados en el impacto y la visibilidad de la producci\u00f3n acad\u00e9mica del Ecuador.<\/p>\n<p style=\"text-align: justify;\">El CES reafirma su compromiso de continuar promoviendo una articulaci\u00f3n efectiva que fortalezca el sistema de educaci\u00f3n superior del pa\u00eds. Los aportes generados durante el Encuentro servir\u00e1n como base para avanzar en pol\u00edticas y acciones que impulsen la calidad acad\u00e9mica, la investigaci\u00f3n y la innovaci\u00f3n, en beneficio del pa\u00eds.<\/p>\n<p><strong>Direcci\u00f3n de Comunicaci\u00f3n Social<\/strong><\/p>\n<p><strong>CONSEJO DE EDUCACI\u00d3N SUPERIOR<\/strong><\/p>\n<p><a href=\"mailto:comunicacion@ces.gob.ec\"><strong>comunicacion@ces.gob.ec<\/strong><\/a><\/p>\n<p><a href=\"http:\/\/www.ces.gob.ec\"><strong>www.ces.gob.ec<\/strong><\/a><\/p>\n<p><strong>X:<\/strong> @ces_ec<\/p>\n<p><strong>Facebook:<\/strong> @consejodeeducacionsuperior<\/p>\n<p><strong>Instagram:<\/strong> @ces_ec<\/p>\n","protected":false},"parent":0,"template":"","class_list":["post-6659","te_announcements","type-te_announcements","status-publish","hentry"],"announcement_date":"Announcement Date: 2025-12-02","announcement_image":false,"_links":{"self":[{"href":"https:\/\/www.ces.gob.ec\/index.php?rest_route=\/wp\/v2\/announcement\/6659","targetHints":{"allow":["GET"]}}],"collection":[{"href":"https:\/\/www.ces.gob.ec\/index.php?rest_route=\/wp\/v2\/announcement"}],"about":[{"href":"https:\/\/www.ces.gob.ec\/index.php?rest_route=\/wp\/v2\/types\/te_announcements"}],"wp:attachment":[{"href":"https:\/\/www.ces.gob.ec\/index.php?rest_route=%2Fwp%2Fv2%2Fmedia&parent=6659"}],"curies":[{"name":"wp","href":"https:\/\/api.w.org\/{rel}","templated":true}]}}