{"id":6652,"date":"2025-11-21T22:19:16","date_gmt":"2025-11-22T03:19:16","guid":{"rendered":"https:\/\/www.ces.gob.ec\/?post_type=te_announcements&#038;p=6652"},"modified":"2025-12-03T00:57:06","modified_gmt":"2025-12-03T05:57:06","slug":"el-ces-recibe-propuesta-para-la-creacion-de-la-universidad-estatal-de-orellana-21-11-2026","status":"publish","type":"te_announcements","link":"https:\/\/www.ces.gob.ec\/?te_announcements=el-ces-recibe-propuesta-para-la-creacion-de-la-universidad-estatal-de-orellana-21-11-2026","title":{"rendered":"EL CES RECIBE PROPUESTA PARA LA CREACI\u00d3N DE LA UNIVERSIDAD ESTATAL DE ORELLANA (21\/11\/2026)"},"content":{"rendered":"<p style=\"text-align: right;\"><strong>El Coca, 21 de noviembre de 2025 <\/strong><\/p>\n<p style=\"text-align: center;\"><span style=\"color: #993300;\"><strong>EL CES RECIBE PROPUESTA PARA LA CREACI\u00d3N DE LA UNIVERSIDAD ESTATAL DE ORELLANA <\/strong><\/span><\/p>\n<p style=\"text-align: justify;\"><img loading=\"lazy\" decoding=\"async\" class=\"size-medium wp-image-6653 alignleft\" src=\"https:\/\/www.ces.gob.ec\/wp-content\/uploads\/2025\/11\/WhatsApp-Image-2025-11-21-at-8.59.13-PM1-300x200.jpeg\" alt=\"\" width=\"300\" height=\"200\" srcset=\"https:\/\/www.ces.gob.ec\/wp-content\/uploads\/2025\/11\/WhatsApp-Image-2025-11-21-at-8.59.13-PM1-300x200.jpeg 300w, https:\/\/www.ces.gob.ec\/wp-content\/uploads\/2025\/11\/WhatsApp-Image-2025-11-21-at-8.59.13-PM1-1024x683.jpeg 1024w, https:\/\/www.ces.gob.ec\/wp-content\/uploads\/2025\/11\/WhatsApp-Image-2025-11-21-at-8.59.13-PM1-768x512.jpeg 768w, https:\/\/www.ces.gob.ec\/wp-content\/uploads\/2025\/11\/WhatsApp-Image-2025-11-21-at-8.59.13-PM1-1536x1024.jpeg 1536w, https:\/\/www.ces.gob.ec\/wp-content\/uploads\/2025\/11\/WhatsApp-Image-2025-11-21-at-8.59.13-PM1.jpeg 1599w\" sizes=\"auto, (max-width: 300px) 100vw, 300px\" \/>Pablo Beltr\u00e1n, presidente del Consejo de Educaci\u00f3n Superior (CES), recibi\u00f3 el expediente de la propuesta t\u00e9cnico-acad\u00e9mica para la creaci\u00f3n de la Universidad Estatal de Orellana, presentada por la Escuela Superior Polit\u00e9cnica de Chimborazo (ESPOCH) como instituci\u00f3n promotora. El acto oficial se realiz\u00f3 este viernes, 21 de noviembre de 2025, en el auditorio de la ESPOCH \u2013 sede Orellana.<\/p>\n<p style=\"text-align: justify;\">El evento, cont\u00f3 con la participaci\u00f3n de Byron Vaca, rector de la ESPOCH; Shirma Cortez, alcaldesa de Francisco de Orellana; los asamble\u00edstas Esperanza Rogel, como presidenta de la Comisi\u00f3n T\u00e9cnica para el Seguimiento a la Gesti\u00f3n de los Procesos de Creaci\u00f3n de las Cuatro Universidades Estatales, Nuvia Vega, Guillermo B\u00e1ez; Oswaldo Valverde, delegado del presidente de la Rep\u00fablica ante el Consejo de Planificaci\u00f3n de la Circunscripci\u00f3n Territorial Amaz\u00f3nica; autoridades institucionales y representantes de organizaciones de la sociedad civil.<\/p>\n<blockquote>\n<p style=\"text-align: justify;\">\u201c\u00a1No basta con so\u00f1ar! Hemos articulado acciones e ideas para alcanzar este objetivo. Hoy presentamos una realidad, no sue\u00f1os ni palabras, una realidad que despu\u00e9s de mucho tiempo de trabajo y esfuerzo se ha consolidado en una nueva universidad: la Universidad Estatal de Orellana\u201d, expres\u00f3 Byron Vaca, rector de la ESPOCH.<\/p>\n<\/blockquote>\n<p style=\"text-align: justify;\">En el marco de sus atribuciones, el CES es la entidad responsable de tramitar las propuestas t\u00e9cnico-acad\u00e9micas para la creaci\u00f3n de universidades y escuelas polit\u00e9cnicas. Para este fin, este Consejo de Estado emiti\u00f3 el Plan de aplicaci\u00f3n de m\u00e9todos abreviados para la creaci\u00f3n de universidades y escuelas polit\u00e9cnicas p\u00fablicas en la Amazon\u00eda, normativa que agiliza y estructura el proceso mediante las siguientes etapas:<\/p>\n<p style=\"text-align: justify;\">Presentaci\u00f3n del proyecto de propuesta t\u00e9cnico-acad\u00e9mica; Informe de revisi\u00f3n de requisitos; Solicitud del informe de la Secretar\u00eda General de la Administraci\u00f3n P\u00fablica, Planificaci\u00f3n y Gabinete; Solicitud del informe del Consejo de Aseguramiento de la Calidad de la Educaci\u00f3n Superior; Elaboraci\u00f3n del Informe T\u00e9cnico del CES; An\u00e1lisis de la Comisi\u00f3n Permanente de Universidades y Escuelas Polit\u00e9cnicas del CES; Resoluci\u00f3n del Pleno del CES y env\u00edo a la Asamblea Nacional para la creaci\u00f3n de la universidad.<\/p>\n<blockquote>\n<p style=\"text-align: justify;\">\u201cHoy vivimos un momento de profundo significado para el sistema de educaci\u00f3n superior ecuatoriano, y para la Amazon\u00eda en particular: la entrega y recepci\u00f3n del expediente t\u00e9cnico-acad\u00e9mico para la creaci\u00f3n de la Universidad Estatal de Orellana, reflejo de un proceso serio, responsable, articulado y comprometido con la Amazon\u00eda y el pa\u00eds\u201d, destac\u00f3 Pablo Beltr\u00e1n, presidente del CES.<\/p>\n<\/blockquote>\n<p style=\"text-align: justify;\">La provincia de Orellana, reconocida por su riqueza natural y cultural, enfrenta a\u00fan importantes desaf\u00edos para garantizar el acceso a la educaci\u00f3n superior. La creaci\u00f3n de la Universidad Estatal de Orellana representa un avance estrat\u00e9gico hacia la equidad territorial y la formaci\u00f3n de profesionales comprometidos con el desarrollo sostenible de la regi\u00f3n.<\/p>\n<blockquote>\n<p style=\"text-align: justify;\">\u201cEs para m\u00ed un honor estar presente en la entrega oficial del expediente de creaci\u00f3n de la Universidad Estatal de Orellana, un paso trascendental hacia el futuro, para el desarrollo de esta hermosa provincia y de todo el pueblo amaz\u00f3nico \u00a1Hoy sembramos futuro y esperanza!\u201d, finaliz\u00f3 Esperanza Rogel, asamble\u00edsta y presidenta de la Comisi\u00f3n T\u00e9cnica para el Seguimiento a la Gesti\u00f3n de los Procesos de Creaci\u00f3n de las cuatro Universidades Estatales.<\/p>\n<\/blockquote>\n<div><strong>Direcci\u00f3n\u00a0de Comunicaci\u00f3n<\/strong><\/div>\n<p>CONSEJO DE EDUCACI\u00d3N SUPERIOR<br \/>\n<a href=\"https:\/\/www.ces.gob.ec\/\">www.ces.gob.ec<\/a><br \/>\nTwitter: @ces_ec<br \/>\n<a href=\"https:\/\/www.facebook.com\/consejodeeducacionsuperior\/\">Facebook: @consejodeeducacionsuperior<\/a><br \/>\nFlickr: Consejo de Educaci\u00f3n Superior &#8211; Ecuador<\/p>\n","protected":false},"parent":0,"template":"","class_list":["post-6652","te_announcements","type-te_announcements","status-publish","hentry"],"announcement_date":"Announcement Date: 2025-11-22","announcement_image":false,"_links":{"self":[{"href":"https:\/\/www.ces.gob.ec\/index.php?rest_route=\/wp\/v2\/announcement\/6652","targetHints":{"allow":["GET"]}}],"collection":[{"href":"https:\/\/www.ces.gob.ec\/index.php?rest_route=\/wp\/v2\/announcement"}],"about":[{"href":"https:\/\/www.ces.gob.ec\/index.php?rest_route=\/wp\/v2\/types\/te_announcements"}],"wp:attachment":[{"href":"https:\/\/www.ces.gob.ec\/index.php?rest_route=%2Fwp%2Fv2%2Fmedia&parent=6652"}],"curies":[{"name":"wp","href":"https:\/\/api.w.org\/{rel}","templated":true}]}}