{"id":6612,"date":"2025-10-21T14:46:56","date_gmt":"2025-10-21T19:46:56","guid":{"rendered":"https:\/\/www.ces.gob.ec\/?post_type=te_announcements&#038;p=6612"},"modified":"2025-10-21T14:49:35","modified_gmt":"2025-10-21T19:49:35","slug":"el-ces-inicia-actualizacion-del-plan-de-desarrollo-del-sistema-de-educacion-superior-2022-2027-con-la-participacion-activa-de-los-actores-del-sistema-21-10-2025","status":"publish","type":"te_announcements","link":"https:\/\/www.ces.gob.ec\/?te_announcements=el-ces-inicia-actualizacion-del-plan-de-desarrollo-del-sistema-de-educacion-superior-2022-2027-con-la-participacion-activa-de-los-actores-del-sistema-21-10-2025","title":{"rendered":"EL CES INICIA ACTUALIZACI\u00d3N DEL PLAN DE DESARROLLO DEL SISTEMA DE EDUCACI\u00d3N SUPERIOR 2022\u20132027 CON LA PARTICIPACI\u00d3N ACTIVA DE LOS ACTORES DEL SISTEMA (21\/10\/2025)"},"content":{"rendered":"<p style=\"text-align: right;\"><strong>Quito, 20 de octubre de 2025<\/strong><\/p>\n<p style=\"text-align: center;\"><strong>EL CES INICIA ACTUALIZACI\u00d3N DEL PLAN DE DESARROLLO DEL SISTEMA DE EDUCACI\u00d3N SUPERIOR 2022\u20132027 CON LA PARTICIPACI\u00d3N ACTIVA DE LOS ACTORES DEL SISTEMA <\/strong><\/p>\n<p style=\"text-align: justify;\"><img loading=\"lazy\" decoding=\"async\" class=\"wp-image-6615 alignleft\" src=\"https:\/\/www.ces.gob.ec\/wp-content\/uploads\/2025\/10\/WhatsApp-Image-2025-10-21-at-2.27.01-PM.avif\" alt=\"\" width=\"378\" height=\"162\" \/>El Consejo de Educaci\u00f3n Superior (CES) inici\u00f3, este lunes, los talleres de trabajo para la actualizaci\u00f3n del Plan de Desarrollo del Sistema de Educaci\u00f3n Superior (PDSES) 2022\u20132027, con el fin de alinearlo al nuevo Plan Nacional de Desarrollo 2025\u20132029. Este es un proceso participativo que reuni\u00f3 a m\u00e1s de 200 representantes de institutos t\u00e9cnicos, tecnol\u00f3gicos, pedag\u00f3gicos, de artes y conservatorios superiores. En los pr\u00f3ximos d\u00edas, el trabajo continuar\u00e1 junto a las universidades del pa\u00eds.<\/p>\n<p style=\"text-align: justify;\">El taller que se desarroll\u00f3 en modalidad virtual, cont\u00f3 con la participaci\u00f3n del presidente del CES, Dr. Pablo Beltr\u00e1n Ayala; y los consejeros acad\u00e9micos, Carmita \u00c1lvarez y Fidel M\u00e1rquez; as\u00ed como de representantes del Consejo de Aseguramiento de la Calidad de la Educaci\u00f3n Superior (CACES), el Ministerio de Educaci\u00f3n, Deporte y Cultura, el Ministerio de la Producci\u00f3n, Comercio Exterior e Inversiones, la Secretar\u00eda General de la Administraci\u00f3n P\u00fablica, Planificaci\u00f3n y Gabinete, y la Asamblea del Sistema de Educaci\u00f3n Superior Ecuatoriano (ASESEC).<\/p>\n<p style=\"text-align: justify;\">Durante su intervenci\u00f3n, el Presidente del CES destac\u00f3 la formaci\u00f3n t\u00e9cnica y tecnol\u00f3gica, como puntal para el desarrollo nacional, que contribuye a alcanzar una verdadera democratizaci\u00f3n de la educaci\u00f3n superior. \u201cEs importante la planificaci\u00f3n, mirar lo logrado y planificar los siguientes pasos a seguir, a fin de mantener ese objetivo compartido de mejorar el bienestar de nuestros j\u00f3venes, a trav\u00e9s de una educaci\u00f3n superior de calidad, pertinente y en territorio\u201d, asegur\u00f3.<\/p>\n<p style=\"text-align: justify;\">Por su parte, la consejera acad\u00e9mica Carmita \u00c1lvarez, quien preside la Comisi\u00f3n Ocasional para la revisi\u00f3n del Plan Nacional de Desarrollo del Sistema de Educaci\u00f3n Superior, explic\u00f3 que mediante el trabajo conjunto con los actores del sistema, la actualizaci\u00f3n del PDSES busca garantizar la coherencia t\u00e9cnica entre los instrumentos de planificaci\u00f3n nacional y sectorial, de manera que respondan a las prioridades nacionales de desarrollo.<\/p>\n<p style=\"text-align: justify;\">El sistema t\u00e9cnico y tecnol\u00f3gico ha crecido sostenidamente entre 2018 y 2023, con una matr\u00edcula en aumento y una oferta acad\u00e9mica m\u00e1s diversa.<\/p>\n<p style=\"text-align: justify;\">Como parte del taller, se desarrollaron mesas tem\u00e1ticas centradas en tres ejes estrat\u00e9gicos:<\/p>\n<ul style=\"text-align: justify;\">\n<li>Docencia, cobertura, calidad e igualdad de oportunidades.<\/li>\n<li>Vinculaci\u00f3n, pertinencia, gesti\u00f3n y relaci\u00f3n con el entorno productivo y social.<\/li>\n<li>Investigaci\u00f3n, innovaci\u00f3n, autonom\u00eda responsable y producci\u00f3n del conocimiento.<\/li>\n<\/ul>\n<p style=\"text-align: justify;\">Durante la jornada, las y los participantes compartieron propuestas y reflexiones orientadas a fortalecer la pertinencia, equidad e innovaci\u00f3n del Sistema de Educaci\u00f3n Superior. En la plenaria de cierre, se presentaron los resultados de cada mesa y se validaron los acuerdos alcanzados, consolidando un proceso colaborativo que reafirma el compromiso del CES con la construcci\u00f3n de un sistema de educaci\u00f3n superior m\u00e1s inclusivo, articulado y orientado al desarrollo del pa\u00eds.<\/p>\n<p style=\"text-align: justify;\">\u201cQueremos agradecer a los participantes que superaron nuestras expectativas. Sus valiosos aportes y observaciones ser\u00e1n integrados y sistematizados en el proceso de actualizaci\u00f3n del plan, en beneficio de todo el sistema de educaci\u00f3n superior\u201d, finaliz\u00f3 la consejera \u00c1lvarez.<\/p>\n<div><strong>Direcci\u00f3n\u00a0de Comunicaci\u00f3n<\/strong><\/div>\n<p>CONSEJO DE EDUCACI\u00d3N SUPERIOR<br \/>\n<a href=\"https:\/\/www.ces.gob.ec\/\">www.ces.gob.ec<\/a><br \/>\nTwitter: @ces_ec<br \/>\n<a href=\"https:\/\/www.facebook.com\/consejodeeducacionsuperior\/\">Facebook: @consejodeeducacionsuperior<\/a><br \/>\nFlickr: Consejo de Educaci\u00f3n Superior &#8211; Ecuador<\/p>\n","protected":false},"parent":0,"template":"","class_list":["post-6612","te_announcements","type-te_announcements","status-publish","hentry"],"announcement_date":"Announcement Date: 2025-10-21","announcement_image":false,"_links":{"self":[{"href":"https:\/\/www.ces.gob.ec\/index.php?rest_route=\/wp\/v2\/announcement\/6612","targetHints":{"allow":["GET"]}}],"collection":[{"href":"https:\/\/www.ces.gob.ec\/index.php?rest_route=\/wp\/v2\/announcement"}],"about":[{"href":"https:\/\/www.ces.gob.ec\/index.php?rest_route=\/wp\/v2\/types\/te_announcements"}],"wp:attachment":[{"href":"https:\/\/www.ces.gob.ec\/index.php?rest_route=%2Fwp%2Fv2%2Fmedia&parent=6612"}],"curies":[{"name":"wp","href":"https:\/\/api.w.org\/{rel}","templated":true}]}}