{"id":6607,"date":"2025-10-15T15:48:48","date_gmt":"2025-10-15T20:48:48","guid":{"rendered":"https:\/\/www.ces.gob.ec\/?post_type=te_announcements&#038;p=6607"},"modified":"2025-10-16T08:05:33","modified_gmt":"2025-10-16T13:05:33","slug":"pablo-beltran-representa-al-ecuador-en-el-congreso-de-las-americas-sobre-educacion-internacional-caei-2025-costa-rica-15-10-2025","status":"publish","type":"te_announcements","link":"https:\/\/www.ces.gob.ec\/?te_announcements=pablo-beltran-representa-al-ecuador-en-el-congreso-de-las-americas-sobre-educacion-internacional-caei-2025-costa-rica-15-10-2025","title":{"rendered":"PABLO BELTR\u00c1N REPRESENTA AL ECUADOR EN EL CONGRESO DE LAS AM\u00c9RICAS SOBRE EDUCACI\u00d3N INTERNACIONAL (CAEI 2025) \u2013 COSTA RICA (15\/10\/2025)"},"content":{"rendered":"<p style=\"text-align: right;\"><strong>San Jos\u00e9 Costa Rica, 15 de octubre de 2025<\/strong><\/p>\n<p style=\"text-align: center;\"><span style=\"color: #993300;\"><strong>PABLO BELTR\u00c1N REPRESENTA AL ECUADOR EN EL CONGRESO DE LAS AM\u00c9RICAS SOBRE EDUCACI\u00d3N INTERNACIONAL (CAEI 2025) \u2013 COSTA RICA<\/strong><\/span><\/p>\n<p style=\"text-align: justify;\"><img loading=\"lazy\" decoding=\"async\" class=\"size-medium wp-image-6608 alignleft\" src=\"https:\/\/www.ces.gob.ec\/wp-content\/uploads\/2025\/10\/WhatsApp-Image-2025-10-15-at-2.44.04-PM-300x169.jpeg\" alt=\"\" width=\"300\" height=\"169\" srcset=\"https:\/\/www.ces.gob.ec\/wp-content\/uploads\/2025\/10\/WhatsApp-Image-2025-10-15-at-2.44.04-PM-300x169.jpeg 300w, https:\/\/www.ces.gob.ec\/wp-content\/uploads\/2025\/10\/WhatsApp-Image-2025-10-15-at-2.44.04-PM-1024x575.jpeg 1024w, https:\/\/www.ces.gob.ec\/wp-content\/uploads\/2025\/10\/WhatsApp-Image-2025-10-15-at-2.44.04-PM-768x432.jpeg 768w, https:\/\/www.ces.gob.ec\/wp-content\/uploads\/2025\/10\/WhatsApp-Image-2025-10-15-at-2.44.04-PM-1536x863.jpeg 1536w, https:\/\/www.ces.gob.ec\/wp-content\/uploads\/2025\/10\/WhatsApp-Image-2025-10-15-at-2.44.04-PM.jpeg 1600w\" sizes=\"auto, (max-width: 300px) 100vw, 300px\" \/><\/p>\n<p style=\"text-align: justify;\">Pablo Beltr\u00e1n Ayala, presidente del Consejo de Educaci\u00f3n Superior (CES), particip\u00f3 como panelista en la novena edici\u00f3n del Congreso de las Am\u00e9ricas sobre Educaci\u00f3n Internacional (CAEI 2025), celebrado en San Jos\u00e9, Costa Rica, bajo el lema \u201cTransformando el conocimiento en desarrollo\u201d.<\/p>\n<p style=\"text-align: justify;\">El CAEI, organizado por la Organizaci\u00f3n Universitaria Interamericana (OUI), reuni\u00f3 l\u00edderes acad\u00e9micos, representantes gubernamentales y organismos internacionales de m\u00e1s de 60 pa\u00edses, consolid\u00e1ndose como el foro continental m\u00e1s importante en materia de internacionalizaci\u00f3n de la educaci\u00f3n superior.<\/p>\n<p style=\"text-align: justify;\">La presencia del CES en este espacio de alto nivel fortalece la representaci\u00f3n del Ecuador en el di\u00e1logo global sobre educaci\u00f3n, permitiendo intercambiar experiencias, promover alianzas estrat\u00e9gicas y posicionar la gesti\u00f3n de innovaci\u00f3n y pertinencia educativa frente a la comunidad acad\u00e9mica internacional.<\/p>\n<p style=\"text-align: justify;\">Durante su intervenci\u00f3n, el titular del CES, destac\u00f3 los principales retos y oportunidades de la educaci\u00f3n superior latinoamericana, subrayando la necesidad de vincular el conocimiento con el desarrollo sostenible y la equidad social. En el panel de apertura titulado: \u201cUn mundo en mutaci\u00f3n: reformular las prioridades de la educaci\u00f3n superior en las Am\u00e9ricas\u201d, enfatiz\u00f3 que Latinoam\u00e9rica comparte desaf\u00edos estructurales comunes: 60 % de los j\u00f3venes latinoamericanos entre 18 y 29 a\u00f1os se encuentran en el empleo informal, seg\u00fan la OIT; y el 43 % de los graduados universitarios trabaja en \u00e1reas distintas a su formaci\u00f3n profesional.<\/p>\n<p style=\"text-align: justify;\">En este contexto, hizo un llamado a actualizar los planes curriculares, fortalecer la autonom\u00eda responsable de las instituciones y promover la educaci\u00f3n global con un enfoque en competencias \u00e9ticas, pensamiento cr\u00edtico y uso responsable de la inteligencia artificial.<\/p>\n<p style=\"text-align: justify;\">\u201cEl conocimiento es global, las barreras ya no existen en el conocimiento, por lo tanto, tenemos que preparar a nuestros j\u00f3venes, independientemente en qu\u00e9 lugar se encuentren estudiando, para poder enfrentar problemas globales y para ello, tenemos que contar con una regulaci\u00f3n que en cada pa\u00eds permita a las instituciones de educaci\u00f3n superior, adaptar sus curr\u00edculos de una manera r\u00e1pida a ese mundo cambiante. Esos son los grandes desaf\u00edos que tenemos que enfrentar y para ello una gran herramienta es precisamente la internacionalizaci\u00f3n de la educaci\u00f3n superior\u201d, manifest\u00f3.<\/p>\n<p style=\"text-align: justify;\">Asimismo, present\u00f3 la experiencia ecuatoriana del Cl\u00faster Acad\u00e9mico Productivo (Academia\u2013Empresa\u2013Gobiernos Seccionales), una estrategia que impulsa la pertinencia territorial de la educaci\u00f3n superior, fomentando la innovaci\u00f3n, la transferencia de conocimiento y el desarrollo equilibrado de los territorios.<\/p>\n<p style=\"text-align: justify;\">La participaci\u00f3n del Dr. Pablo Beltr\u00e1n en el CAEI 2025 reafirma el compromiso del Ecuador con la internacionalizaci\u00f3n de la educaci\u00f3n superior, el fortalecimiento de la calidad acad\u00e9mica y la cooperaci\u00f3n regional como v\u00eda para enfrentar los desaf\u00edos compartidos de Am\u00e9rica Latina.<\/p>\n<div><strong>Direcci\u00f3n\u00a0de Comunicaci\u00f3n<\/strong><\/div>\n<p>CONSEJO DE EDUCACI\u00d3N SUPERIOR<br \/>\n<a href=\"https:\/\/www.ces.gob.ec\/\">www.ces.gob.ec<\/a><br \/>\nTwitter: @ces_ec<br \/>\n<a href=\"https:\/\/www.facebook.com\/consejodeeducacionsuperior\/\">Facebook: @consejodeeducacionsuperior<\/a><br \/>\nFlickr: Consejo de Educaci\u00f3n Superior &#8211; Ecuador<\/p>\n","protected":false},"parent":0,"template":"","class_list":["post-6607","te_announcements","type-te_announcements","status-publish","hentry"],"announcement_date":"Announcement Date: 2025-10-15","announcement_image":false,"_links":{"self":[{"href":"https:\/\/www.ces.gob.ec\/index.php?rest_route=\/wp\/v2\/announcement\/6607","targetHints":{"allow":["GET"]}}],"collection":[{"href":"https:\/\/www.ces.gob.ec\/index.php?rest_route=\/wp\/v2\/announcement"}],"about":[{"href":"https:\/\/www.ces.gob.ec\/index.php?rest_route=\/wp\/v2\/types\/te_announcements"}],"wp:attachment":[{"href":"https:\/\/www.ces.gob.ec\/index.php?rest_route=%2Fwp%2Fv2%2Fmedia&parent=6607"}],"curies":[{"name":"wp","href":"https:\/\/api.w.org\/{rel}","templated":true}]}}