{"id":5386,"date":"2023-05-15T14:47:52","date_gmt":"2023-05-15T19:47:52","guid":{"rendered":"https:\/\/www.ces.gob.ec\/?post_type=te_announcements&#038;p=5386"},"modified":"2023-05-15T14:49:24","modified_gmt":"2023-05-15T19:49:24","slug":"presidente-del-ces-visito-alemania-15-5-2023","status":"publish","type":"te_announcements","link":"https:\/\/www.ces.gob.ec\/?te_announcements=presidente-del-ces-visito-alemania-15-5-2023","title":{"rendered":"Presidente del CES visit\u00f3 Alemania (15\/5\/2023)"},"content":{"rendered":"<div>\n<p style=\"text-align: right;\"><strong>Quito, 15 de mayo de 2023<\/strong>.<\/p>\n<p style=\"text-align: center;\"><span style=\"color: #993300;\"><strong>\u00a0\u00a0\u00a0\u00a0\u00a0\u00a0\u00a0\u00a0\u00a0\u00a0\u00a0 PRESIDENTE DEL CES VISIT\u00d3 ALEMANIA<\/strong><\/span><\/p>\n<p><img loading=\"lazy\" decoding=\"async\" class=\"size-medium wp-image-5387 alignleft\" src=\"https:\/\/www.ces.gob.ec\/wp-content\/uploads\/2023\/05\/Imagen-de-WhatsApp-2023-05-15-a-las-14.44.08-300x225.jpg\" alt=\"\" width=\"300\" height=\"225\" srcset=\"https:\/\/www.ces.gob.ec\/wp-content\/uploads\/2023\/05\/Imagen-de-WhatsApp-2023-05-15-a-las-14.44.08-300x225.jpg 300w, https:\/\/www.ces.gob.ec\/wp-content\/uploads\/2023\/05\/Imagen-de-WhatsApp-2023-05-15-a-las-14.44.08-1024x768.jpg 1024w, https:\/\/www.ces.gob.ec\/wp-content\/uploads\/2023\/05\/Imagen-de-WhatsApp-2023-05-15-a-las-14.44.08-768x576.jpg 768w, https:\/\/www.ces.gob.ec\/wp-content\/uploads\/2023\/05\/Imagen-de-WhatsApp-2023-05-15-a-las-14.44.08.jpg 1173w\" sizes=\"auto, (max-width: 300px) 100vw, 300px\" \/>Pablo Beltr\u00e1n, presidente del Consejo de Educaci\u00f3n Superior (CES), realiz\u00f3 una visita t\u00e9cnica en la Rep\u00fablica Federal de Alemania, del martes 02 al viernes 05 mayo de 2023<strong>. <\/strong>\u00a0La finalidad de la misma se enmarc\u00f3 en conocer el sistema de Formaci\u00f3n Dual que funciona exitosamente en \u00e9se pa\u00eds europeo, con el prop\u00f3sito de aplicarlo en el \u00e1mbito de la formaci\u00f3n t\u00e9cnica y tecnol\u00f3gica en Ecuador.<\/p>\n<p>En la Formaci\u00f3n Dual el proceso de ense\u00f1anza se realiza de forma sistem\u00e1tica y secuencial continua en dos entornos de aprendizaje: el acad\u00e9mico y laboral, siendo fundamental en este tipo de instrucci\u00f3n la formaci\u00f3n educativa en entornos laborales reales.<\/p>\n<p><strong>Entre la agenda de activdades institucionales y academicas que desarroll\u00f3 el presidente del CES, Pablo Beltr\u00e1n, constan:<\/strong><\/p>\n<ul>\n<li style=\"list-style-type: none;\">\n<ul>\n<li>Recorrido por las oficinas centrales de la Cooperaci\u00f3n T\u00e9cnica Alemana (GIZ), en la ciudad de Bonn, para conocer los procesos de financiamiento de proyectos de Formaci\u00f3n Dual en Alemania y otros pa\u00edses.<\/li>\n<li>Visita a la sede de UNESCO en la ciudad de Bonn, para dialogar con el director de UNESCO-UNEVOC, y conocer el papel que desempe\u00f1a la formaci\u00f3n t\u00e9cnica y tecnol\u00f3gica en Alemania y el mundo.<\/li>\n<li>Visita al Instituto Federal de Formaci\u00f3n Profesional que impulsa la Formaci\u00f3n Dual en Alemania, y recorrido por empresas que utilizan esta modalidad en sus procesos de desarrollo laboral y acad\u00e9mico.<\/li>\n<li>Visita a la C\u00e1mara de Comercio e Industria de la ciudad de Reutlingen, organismo estatal que dise\u00f1a las mallas curriculares, acredita a los examinadores y toma los ex\u00e1menes para poder entregar los certificados a quienes terminan su formaci\u00f3n profesional a trav\u00e9s del sistema de Formaci\u00f3n Dual.<\/li>\n<\/ul>\n<\/li>\n<\/ul>\n<p>En este viaje estuvo acompa\u00f1ado de representantes del Comit\u00e9 Empresarial P\u00fablico &#8211; Privado del Ecuador; presidentes de varias C\u00e1maras de Producci\u00f3n y de Corporaciones que trabajan en la aplicaci\u00f3n de la Formaci\u00f3n Dual; empresas del sector maderero del Ecuador y delegados de la Escuela Polit\u00e9cnica Nacional.<\/p>\n<p>La importancia de la Formaci\u00f3n Dual en el desarrollo de la Rep\u00fablica Federal de Alemania ha logrado que la tasa de desempleo juvenil en ese pa\u00eds se ubique en el 3%, una de las m\u00e1s bajas a nivel mundial, \u201cen Ecuador a\u00fan falta mucho por hacer en este contexto, por lo que el compromiso de todos es fundamental para trabajar en la adaptaci\u00f3n de la Formaci\u00f3n Dual en nuestro pa\u00eds\u201d, Pablo Beltr\u00e1n, presidente del CES.<\/p>\n<\/div>\n<div><\/div>\n<div><strong>Direcci\u00f3n\u00a0de Comunicaci\u00f3n<\/strong><\/div>\n<p>CONSEJO DE EDUCACI\u00d3N SUPERIOR<br \/>\n<a href=\"https:\/\/www.ces.gob.ec\/\">www.ces.gob.ec<\/a><br \/>\nTwitter: @ces_ec<br \/>\n<a href=\"https:\/\/www.facebook.com\/consejodeeducacionsuperior\/\">Facebook: @consejodeeducacionsuperior<\/a><br \/>\nFlickr: Consejo de Educaci\u00f3n Superior &#8211; Ecuador<\/p>\n","protected":false},"parent":0,"template":"","class_list":["post-5386","te_announcements","type-te_announcements","status-publish","hentry"],"announcement_date":"Announcement Date: 2023-05-15","announcement_image":false,"_links":{"self":[{"href":"https:\/\/www.ces.gob.ec\/index.php?rest_route=\/wp\/v2\/announcement\/5386","targetHints":{"allow":["GET"]}}],"collection":[{"href":"https:\/\/www.ces.gob.ec\/index.php?rest_route=\/wp\/v2\/announcement"}],"about":[{"href":"https:\/\/www.ces.gob.ec\/index.php?rest_route=\/wp\/v2\/types\/te_announcements"}],"wp:attachment":[{"href":"https:\/\/www.ces.gob.ec\/index.php?rest_route=%2Fwp%2Fv2%2Fmedia&parent=5386"}],"curies":[{"name":"wp","href":"https:\/\/api.w.org\/{rel}","templated":true}]}}