{"id":2795,"date":"2016-05-20T14:40:57","date_gmt":"2016-05-20T20:40:57","guid":{"rendered":"https:\/\/www.ces.gob.ec\/?post_type=te_announcements&#038;p=2795"},"modified":"2019-10-04T12:04:53","modified_gmt":"2019-10-04T18:04:53","slug":"taller-para-la-elaboracion-de-los-programas-de-posgrados","status":"publish","type":"te_announcements","link":"https:\/\/www.ces.gob.ec\/?te_announcements=taller-para-la-elaboracion-de-los-programas-de-posgrados","title":{"rendered":"\u201cTALLER PARA LA ELABORACI\u00d3N DE LOS PROGRAMAS DE POSGRADOS\u201d (20\/05\/2016)"},"content":{"rendered":"<h3><span style=\"color: #993300;\"><strong>Bolet\u00edn de prensa<\/strong><\/span><\/h3>\n<p style=\"text-align: right;\">Guayaquil, 20 de mayo de 2016<\/p>\n<p style=\"text-align: center;\"><strong>\u201cTALLER PARA LA ELABORACI\u00d3N DE LOS PROGRAMAS DE POSGRADOS\u201d<\/strong><\/p>\n<p style=\"text-align: justify;\">El 19 y 20 de mayo la Comisi\u00f3n Permanente de Posgrados del Consejo de Educaci\u00f3n Superior (CES), realiz\u00f3 el taller para la elaboraci\u00f3n de los programas de posgrados en la Universidad de Guayaquil, la jornada de trabajo de ambos d\u00edas cont\u00f3 con \u00a0la participaci\u00f3n de representantes de las Instituciones de Educaci\u00f3n Superior (IES) de todo el \u00a0pa\u00eds.<\/p>\n<p style=\"text-align: justify;\">Para la Dra. Roc\u00edo Rueda Presidenta de la Comisi\u00f3n Permanente de Postgrados del CES este taller es importante ya que tiene relaci\u00f3n con el Reglamento de R\u00e9gimen Acad\u00e9mico, y establece las directrices que las IES deben poner en pr\u00e1ctica para la formulaci\u00f3n acad\u00e9mica de sus proyectos de postgrado.<\/p>\n<p style=\"text-align: justify;\">El Taller <i>Programa de posgrados pol\u00edtica p\u00fablica manejos y perspectivas<\/i> concluy\u00f3 que los programas de posgrados deben articular dos elementos fundamentales: la calidad y la pertinencia, que tienen que ser propuestos a partir de las necesidades locales, regionales y nacionales.<\/p>\n<p style=\"text-align: justify;\">La Dra. Elizabeth Larrea Miembro Acad\u00e9mico del Consejo de Educaci\u00f3n Superior, encargada de desarrollar el taller, trabaj\u00f3 con los participantes sobre c\u00f3mo construir un proyecto de posgrado con las condiciones y requisitos que plantea el r\u00e9gimen acad\u00e9mico, un proyecto de posgrado que responda de manera relevante; con calidad, pertinencia, coherencia\u00a0 y congruencia con los grandes desaf\u00edos\u00a0 que se est\u00e1n planteando, no solamente en nuestro pa\u00eds si no en la regi\u00f3n y a nivel mundial.<\/p>\n<p style=\"text-align: justify;\">Finalmente la Dra. Roci\u00f3 Rueda mencion\u00f3 que este taller busca entregar proyectos serios y estructurados, que puedan ser aprobados por el CES, contribuyendo as\u00ed a una sociedad generadora de conocimiento.<\/p>\n<p><strong>Unidad de Comunicaci\u00f3n<br \/>\n<\/strong>CONSEJO DE EDUCACI\u00d3N SUPERIOR<strong><br \/>\n<\/strong>prensa@ces.gob.ec<br \/>\nwww.ces.gob.ec<br \/>\nTwitter: @ces_ec<\/p>\n","protected":false},"parent":0,"template":"","class_list":["post-2795","te_announcements","type-te_announcements","status-publish","hentry"],"announcement_date":"Announcement Date: 2019-09-18","announcement_image":false,"_links":{"self":[{"href":"https:\/\/www.ces.gob.ec\/index.php?rest_route=\/wp\/v2\/announcement\/2795","targetHints":{"allow":["GET"]}}],"collection":[{"href":"https:\/\/www.ces.gob.ec\/index.php?rest_route=\/wp\/v2\/announcement"}],"about":[{"href":"https:\/\/www.ces.gob.ec\/index.php?rest_route=\/wp\/v2\/types\/te_announcements"}],"wp:attachment":[{"href":"https:\/\/www.ces.gob.ec\/index.php?rest_route=%2Fwp%2Fv2%2Fmedia&parent=2795"}],"curies":[{"name":"wp","href":"https:\/\/api.w.org\/{rel}","templated":true}]}}