{"id":2792,"date":"2016-06-01T14:14:17","date_gmt":"2016-06-01T20:14:17","guid":{"rendered":"https:\/\/www.ces.gob.ec\/?post_type=te_announcements&#038;p=2792"},"modified":"2019-10-04T12:04:36","modified_gmt":"2019-10-04T18:04:36","slug":"unl-recupera-institucionalidad-academica-administrativa","status":"publish","type":"te_announcements","link":"https:\/\/www.ces.gob.ec\/?te_announcements=unl-recupera-institucionalidad-academica-administrativa","title":{"rendered":"UNL RECUPERA \u00a0INSTITUCIONALIDAD ACAD\u00c9MICA-ADMINISTRATIVA (01\/06\/2016)"},"content":{"rendered":"<h3><span style=\"color: #993300;\"><strong>Bolet\u00edn de prensa<\/strong><\/span><\/h3>\n<p style=\"text-align: right;\">Quito, 01 de junio de 2016<\/p>\n<p style=\"text-align: center;\"><span style=\"color: #993300;\"><strong>UNL RECUPERA \u00a0INSTITUCIONALIDAD ACAD\u00c9MICA-ADMINISTRATIVA<\/strong><\/span><\/p>\n<p style=\"text-align: center;\"><strong>A casi un a\u00f1o de la intervenci\u00f3n en la Universidad Nacional de Loja el Consejo de Educaci\u00f3n Superior a trav\u00e9s de la Comisi\u00f3n Interventora y de Fortalecimiento Institucional ha cumplido con m\u00e1s del 75% del Plan de Intervenci\u00f3n <\/strong><\/p>\n<p style=\"text-align: justify;\">El Eco. Ren\u00e9 Ram\u00edrez Gallegos Presidente del Consejo de Educaci\u00f3n Superior (CES), present\u00f3 a la Comisi\u00f3n de Educaci\u00f3n, Cultura y Ciencia y Tecnolog\u00eda (CECCYT) de la Asamblea Nacional los avances en el proceso de intervenci\u00f3n de la Universidad Nacional de Loja.<\/p>\n<p style=\"text-align: justify;\">El titular del CES record\u00f3 a los miembros de la CECCYT que la intervenci\u00f3n en esta instituci\u00f3n de educaci\u00f3n superior se dio tras comprobar la existencia de irregularidades administrativas, acad\u00e9micas y financieras. Recalc\u00f3 que la finalidad de la intervenci\u00f3n es garantizar los principios de gratuidad, pertinencia y excelencia acad\u00e9mica.<\/p>\n<p style=\"text-align: justify;\">En este marco el titular del CES dio a conocer a los miembros de la comisi\u00f3n que el Dr. Gustavo Villacis rector de la UNL incumpli\u00f3 sus obligaciones contenidas en un convenio establecido entre el Ministerio de Salud P\u00fablica (MSP) y la Universidad Nacional de Loja tales como:<\/p>\n<ul style=\"text-align: justify;\">\n<li>Asegurar la infraestructura docente necesaria y suficiente del programa a ejecutar, dentro de las capacidades presupuestarias de la Universidad y el MSP.<\/li>\n<\/ul>\n<ul style=\"text-align: justify;\">\n<li>Organizar y ejecutar el programa de posgrado en Medicina Familiar Comunitaria, una vez que se cuente con la aprobaci\u00f3n del programa por parte del CES.<\/li>\n<\/ul>\n<ul style=\"text-align: justify;\">\n<li>Cumplir con los requerimientos legales de las instituciones rectoras de la Educaci\u00f3n Superior para el desarrollo del programa.<\/li>\n<\/ul>\n<p style=\"text-align: justify;\">Por lo expuesto anteriormente el Dr. Gustavo Villacis fue sancionado con una amonestaci\u00f3n escrita y una multa equivalente al 75% de la remuneraci\u00f3n que perciba mensualmente.<\/p>\n<p style=\"text-align: justify;\">Ram\u00edrez indic\u00f3 que se han efectuado varias acciones acad\u00e9micas a ra\u00edz de la intervenci\u00f3n, en las que destac\u00f3 la reapertura de las 11 carreras que fueron cerradas injustificadamente, la implementaci\u00f3n de unidades de titulaci\u00f3n, el registro en el sistema de la SENESCYT de m\u00e1s de 8.000 t\u00edtulos legales no registrados antes.<\/p>\n<p style=\"text-align: justify;\">Adem\u00e1s,\u00a0 se\u00f1al\u00f3 que se ha efectuado el fortalecimiento de la modalidad de estudios a distancia con la contrataci\u00f3n de docentes y la mejora en los tr\u00e1mites administrativos para el proceso de grados, as\u00ed mismo, se ha gestionado en el Ministerio de Salud P\u00fablica la asignaci\u00f3n de plazas para el Internado Rotativo de Medicina y se firm\u00f3 el Convenio Marco con el Instituto Ecuatoriano de Seguridad Social\u00a0 y el\u00a0 Banco Interamericano de Desarrollo.<\/p>\n<p style=\"text-align: justify;\">De igual manera resalt\u00f3 como hecho hist\u00f3rico en la institucionalidad de la UNL la incorporaci\u00f3n de 350 docentes titulares de distintas \u00e1reas mediante el Concurso de M\u00e9ritos y Oposici\u00f3n.<\/p>\n<p style=\"text-align: justify;\">Finalmente, enfatiz\u00f3 que el CES contin\u00faa en su trabajo por el bienestar\u00a0de toda la comunidad acad\u00e9mica en busca de la calidad y la excelencia en la educaci\u00f3n superior en el pa\u00eds.<\/p>\n<p><strong>Unidad de Comunicaci\u00f3n<br \/>\n<\/strong>CONSEJO DE EDUCACI\u00d3N SUPERIOR<strong><br \/>\n<\/strong>prensa@ces.gob.ec<br \/>\nwww.ces.gob.ec<br \/>\nTwitter: @ces_ec<\/p>\n","protected":false},"parent":0,"template":"","class_list":["post-2792","te_announcements","type-te_announcements","status-publish","hentry"],"announcement_date":"Announcement Date: 2019-09-18","announcement_image":false,"_links":{"self":[{"href":"https:\/\/www.ces.gob.ec\/index.php?rest_route=\/wp\/v2\/announcement\/2792","targetHints":{"allow":["GET"]}}],"collection":[{"href":"https:\/\/www.ces.gob.ec\/index.php?rest_route=\/wp\/v2\/announcement"}],"about":[{"href":"https:\/\/www.ces.gob.ec\/index.php?rest_route=\/wp\/v2\/types\/te_announcements"}],"wp:attachment":[{"href":"https:\/\/www.ces.gob.ec\/index.php?rest_route=%2Fwp%2Fv2%2Fmedia&parent=2792"}],"curies":[{"name":"wp","href":"https:\/\/api.w.org\/{rel}","templated":true}]}}