{"id":2719,"date":"2017-01-06T16:07:44","date_gmt":"2017-01-06T22:07:44","guid":{"rendered":"https:\/\/www.ces.gob.ec\/?post_type=te_announcements&#038;p=2719"},"modified":"2019-10-04T11:35:01","modified_gmt":"2019-10-04T17:35:01","slug":"ces-ceaaces-y-senescyt-trabajan-en-ejes-de-igualdad","status":"publish","type":"te_announcements","link":"https:\/\/www.ces.gob.ec\/?te_announcements=ces-ceaaces-y-senescyt-trabajan-en-ejes-de-igualdad","title":{"rendered":"CES, CEAACES Y SENESCYT TRABAJAN EN EJES DE IGUALDAD (06\/01\/2017)"},"content":{"rendered":"<h3>Bolet\u00edn de prensa<\/h3>\n<div>\n<p style=\"text-align: right;\" align=\"right\">Quito, 06 de enero de 2017<\/p>\n<p style=\"text-align: center;\" align=\"center\"><span style=\"color: #993300;\"><strong>CES, CEAACES Y SENESCYT TRABAJAN EN EJES DE IGUALDAD<\/strong><\/span><\/p>\n<p style=\"text-align: justify;\">Este viernes 6 de enero el Consejo de Educaci\u00f3n Superior (CES), el Consejo de Evaluaci\u00f3n Acreditaci\u00f3n y Aseguramiento de la Educaci\u00f3n Superior (CEAACES) y la Secretar\u00eda de Educaci\u00f3n Superior, Ciencia, Tecnolog\u00eda e Innovaci\u00f3n (SENESCYT) mantuvieron una reuni\u00f3n de trabajo con el af\u00e1n de buscar mecanismos de trabajo para garantizar la concreci\u00f3n de los Ejes de Igualdad en el Sistema de Educaci\u00f3n Superior (SES).<\/p>\n<p style=\"text-align: justify;\">Los ejes sobre los que se trabaj\u00f3 son g\u00e9nero, interculturalidad, discapacidad y ambiente. Esta reuni\u00f3n de colaboraci\u00f3n es la primera de un plan conjunto entre las tres instituciones. Para la Dra. Catalina V\u00e9lez, Consejera del CES, quien lidera este proceso, esta articulaci\u00f3n incidir\u00e1 directamente en la calidad de la educaci\u00f3n superior.<\/p>\n<p style=\"text-align: justify;\">El CES seguir\u00e1 trabajando para impulsar pol\u00edticas p\u00fablicas que impulsen la cooperaci\u00f3n interinstitucional, en beneficio de una educaci\u00f3n superior incluyente y de calidad.<\/p>\n<\/div>\n<div><strong>Direcci\u00f3n\u00a0de Comunicaci\u00f3n<\/strong><\/div>\n<p>CONSEJO DE EDUCACI\u00d3N SUPERIOR<br \/>\n<a href=\"https:\/\/www.ces.gob.ec\/\">www.ces.gob.ec<\/a><br \/>\nTwitter: @ces_ec<br \/>\n<a href=\"https:\/\/www.facebook.com\/consejodeeducacionsuperior\/\">Facebook: @consejodeeducacionsuperior<\/a><br \/>\nFlickr: Consejo de Educaci\u00f3n Superior &#8211; Ecuador<\/p>\n","protected":false},"parent":0,"template":"","class_list":["post-2719","te_announcements","type-te_announcements","status-publish","hentry"],"announcement_date":"Announcement Date: 2019-08-30","announcement_image":false,"_links":{"self":[{"href":"https:\/\/www.ces.gob.ec\/index.php?rest_route=\/wp\/v2\/announcement\/2719","targetHints":{"allow":["GET"]}}],"collection":[{"href":"https:\/\/www.ces.gob.ec\/index.php?rest_route=\/wp\/v2\/announcement"}],"about":[{"href":"https:\/\/www.ces.gob.ec\/index.php?rest_route=\/wp\/v2\/types\/te_announcements"}],"wp:attachment":[{"href":"https:\/\/www.ces.gob.ec\/index.php?rest_route=%2Fwp%2Fv2%2Fmedia&parent=2719"}],"curies":[{"name":"wp","href":"https:\/\/api.w.org\/{rel}","templated":true}]}}